{"id":1335,"date":"2021-10-15T11:30:25","date_gmt":"2021-10-15T09:30:25","guid":{"rendered":"http:\/\/www.camping-bellavista.com\/location-emplacement-calvi\/"},"modified":"2023-08-17T15:57:22","modified_gmt":"2023-08-17T13:57:22","slug":"vermietung-stellplatz-calvi","status":"publish","type":"page","link":"https:\/\/www.camping-bellavista.com\/de\/vermietung-stellplatz-calvi\/","title":{"rendered":"Emplacements"},"content":{"rendered":"<section id=\"ls-section-block_72f15a7c34a0d22e79aeaad27ede65fc\" class=\"ls-section  has-p-b p-b-0 section-mobile-hebergements\" >\r\n        <div class=\"container \">\r\n        \n\n<h1 class=\"ls__heading wp-block-heading has-text-align-center has-color-2-color has-text-color\">Buchen Sie einen Stellplatz in Calvi<\/h1>\n\n\r\n    <\/div>\r\n<\/section>\n\n<section id=\"ls-section-block_b7748f13b850f35a2bb813896d126bde\" class=\"ls-section  has-p-t p-t-0\" >\r\n        <div class=\"container container--wide\">\r\n        \n\r\n<div id=\"ls-hebergements-block_953b0957ea31302d199fa3743b776414\" class=\"ls-hebergements\" >\r\n    \r\n    <div class=\"ls-customizer\">\n\n    <div class=\"ls-customizer__filters\">\n        <div class=\"ls-customizer__filters__close\">\n            <i class=\"fas fa-times\"><\/i>\n        <\/div>\n\n        <div class=\"ls-customizer__filters__title\">\n            <b>Filter<\/b>\n            <span class=\"ls-customizer__filters__clear\"><i class=\"fas fa-times\"><\/i> Filter l\u00f6schen<\/span>\n        <\/div>\n\n                \n        <!-- Filtres ACF fields -->\n        \n                                <!-- Filtre nombre_de_personnes -->\n                        <div class=\"filter\" id=\"filter-nombre_de_personnes\">\n                <div class=\"filter__title\">Capacit\u00e9 maximale<i class=\"fas fa-angle-down\"><\/i><\/div>\n                <fieldset data-filter=\"nombre_de_personnes\" data-operator=\"<=\" class=\"input\">\n                    \n                    <div><input type=\"radio\" name=\"nombre_de_personnes\" id=\"nombre_de_personnes-all\"  class=\"checkbox\" \/><label for='nombre_de_personnes-all'>Tous<\/label><\/div><div><input type=\"radio\" name=\"nombre_de_personnes\" id=\"nombre_de_personnes-3\" value=\"3\" class=\"checkbox\"  \/><label for='nombre_de_personnes-3'>Jusqu&#8217;\u00e0 3 pers.<\/label><\/div><div><input type=\"radio\" name=\"nombre_de_personnes\" id=\"nombre_de_personnes-4\" value=\"4\" class=\"checkbox\"  \/><label for='nombre_de_personnes-4'>Jusqu&#8217;\u00e0 4 pers.<\/label><\/div><div><input type=\"radio\" name=\"nombre_de_personnes\" id=\"nombre_de_personnes-5\" value=\"5\" class=\"checkbox\"  \/><label for='nombre_de_personnes-5'>Jusqu&#8217;\u00e0 5 pers.<\/label><\/div><div><input type=\"radio\" name=\"nombre_de_personnes\" id=\"nombre_de_personnes-6\" value=\"6\" class=\"checkbox\"  \/><label for='nombre_de_personnes-6'>Jusqu&#8217;\u00e0 6 pers.<\/label><\/div>                <\/fieldset>\n            <\/div>\n                                <!-- Filtre nombre_de_chambres -->\n                        <div class=\"filter\" id=\"filter-nombre_de_chambres\">\n                <div class=\"filter__title\">Anzahl der Zimmer<i class=\"fas fa-angle-down\"><\/i><\/div>\n                <fieldset data-filter=\"nombre_de_chambres\" data-operator=\"==\" class=\"input\">\n                    \n                    <div><input type=\"radio\" name=\"nombre_de_chambres\" id=\"nombre_de_chambres-all\"  class=\"checkbox\" \/><label for='nombre_de_chambres-all'>Tous<\/label><\/div><div><input type=\"radio\" name=\"nombre_de_chambres\" id=\"nombre_de_chambres-2\" value=\"2\" class=\"checkbox\"  \/><label for='nombre_de_chambres-2'>2<\/label><\/div><div><input type=\"radio\" name=\"nombre_de_chambres\" id=\"nombre_de_chambres-3\" value=\"3\" class=\"checkbox\"  \/><label for='nombre_de_chambres-3'>3<\/label><\/div>                <\/fieldset>\n            <\/div>\n                                <!-- Filtre options-hebergements -->\n                        <div class=\"filter\" id=\"filter-options-hebergements\">\n                <div class=\"filter__title\">Options<i class=\"fas fa-angle-down\"><\/i><\/div>\n                <fieldset data-filter=\"options-hebergements\" data-operator=\"*=\" class=\"input\">\n                    \n                    <div><input type=\"checkbox\" name=\"options-hebergements\" id=\"options-hebergements-all\"  class=\"checkbox\" \/><label for='options-hebergements-all'>Tous<\/label><\/div><div><input type=\"checkbox\" name=\"options-hebergements\" id=\"options-hebergements-chauffage\" value=\"chauffage\" class=\"checkbox\"  \/><label for='options-hebergements-chauffage'>Chauffage<\/label><\/div><div><input type=\"checkbox\" name=\"options-hebergements\" id=\"options-hebergements-climatisation\" value=\"climatisation\" class=\"checkbox\"  \/><label for='options-hebergements-climatisation'>Climatisation<\/label><\/div><div><input type=\"checkbox\" name=\"options-hebergements\" id=\"options-hebergements-congelateur\" value=\"congelateur\" class=\"checkbox\"  \/><label for='options-hebergements-congelateur'>Cong\u00e9lateur<\/label><\/div><div><input type=\"checkbox\" name=\"options-hebergements\" id=\"options-hebergements-micro-ondes\" value=\"micro-ondes\" class=\"checkbox\"  \/><label for='options-hebergements-micro-ondes'>Micro-ondes<\/label><\/div><div><input type=\"checkbox\" name=\"options-hebergements\" id=\"options-hebergements-pmr\" value=\"pmr\" class=\"checkbox\"  \/><label for='options-hebergements-pmr'>PMR<\/label><\/div><div><input type=\"checkbox\" name=\"options-hebergements\" id=\"options-hebergements-parking-1-place\" value=\"parking-1-place\" class=\"checkbox\"  \/><label for='options-hebergements-parking-1-place'>Parking 1 place<\/label><\/div><div><input type=\"checkbox\" name=\"options-hebergements\" id=\"options-hebergements-refrigerateur\" value=\"refrigerateur\" class=\"checkbox\"  \/><label for='options-hebergements-refrigerateur'>R\u00e9frig\u00e9rateur<\/label><\/div><div><input type=\"checkbox\" name=\"options-hebergements\" id=\"options-hebergements-salle-de-bain\" value=\"salle-de-bain\" class=\"checkbox\"  \/><label for='options-hebergements-salle-de-bain'>Salle de bain<\/label><\/div><div><input type=\"checkbox\" name=\"options-hebergements\" id=\"options-hebergements-terrasse\" value=\"terrasse\" class=\"checkbox\"  \/><label for='options-hebergements-terrasse'>Terrasse<\/label><\/div><div><input type=\"checkbox\" name=\"options-hebergements\" id=\"options-hebergements-television\" value=\"television\" class=\"checkbox\"  \/><label for='options-hebergements-television'>T\u00e9l\u00e9vision<\/label><\/div><div><input type=\"checkbox\" name=\"options-hebergements\" id=\"options-hebergements-wi-fi\" value=\"wi-fi\" class=\"checkbox\"  \/><label for='options-hebergements-wi-fi'>Wi-Fi<\/label><\/div><div><input type=\"checkbox\" name=\"options-hebergements\" id=\"options-hebergements-electricite\" value=\"electricite\" class=\"checkbox\"  \/><label for='options-hebergements-electricite'>\u00c9lectricit\u00e9<\/label><\/div>                <\/fieldset>\n            <\/div>\n        \n        <div id=\"validate-filters\" class=\"ls-button\">Valider la s\u00e9lection<\/div>\n\n        \n    <\/div>\n\n    <div class=\"ls-customizer__orders\">\n        <i class=\"fas fa-sort\"><\/i>\n        <select class=\"select-order\">\n            <option selected value=\"\">Trier par<\/option>\n            <option value=\"price-asc\">Prix croissant<\/option>\n            <option value=\"price-desc\">Prix d\u00e9croissant<\/option>\n        <\/select>\n    <\/div>\n\n<\/div><div class=\"ls-hebergements__results\" data-row=\"3\" data-campings=\"false\" data-types=\"[97]\"><div class=\"ls-hebergement\" data-postid='31600' data-id-reservation='16' data-id-site='7657' data-id1='80177' data-nombre_de_personnes='6' data-nombre_de_chambres='0' data-last-update='2025-10-28 08:54:01' data-type='camping-fr' data-options-hebergements='electricite'>\n\t<div class=\"ls-hebergement__thumb\">\n\n\t\t\t\t<img decoding=\"async\" src=\"https:\/\/www.camping-bellavista.com\/wp-content\/uploads\/2024\/02\/pict_16_1.jpg\" alt=\"Stellplatz Van\/Caravan\/CC buchbar\" \/>\n\n\t<\/div>\n\n\n\n\t<div class=\"ls-hebergement__title\">\n\n\t\tStellplatz Van\/Caravan\/CC buchbar\t\t\n\n\t<\/div>\n\n\n\n\t<div class=\"ls-hebergement__details\">\n\n\n\n\t\t<div class=\"ls-hebergement__icons\">\n\n\n\n\t\t\t\n\t\t\t\t<span class=\"ls-hebergement__icon\">\n\n\t\t\t\t\t<i class=\"fas fa-users\"><\/i>\n\n\t\t\t\t\t6\n\t\t\t\t<\/span>\n\n\t\t\t\n\n\n\t\t\t\n\n\n\t\t\t\n\t\t\t\t<span class=\"ls-hebergement__icon\">\n\n\t\t\t\t\t<i class=\"fas fa-vector-square\"><\/i>\n\n\t\t\t\t\t80m\u00b2\n\n\t\t\t\t<\/span>\n\n\t\t\t\n\t\t<\/div>\n\n\t<\/div>\n\n\n\n\n\n\n\n\t<div class=\"ls-hebergement__disponibilites\">\n\t\tEntdecken Sie\t<\/div>\n\t<div class=\"ls-single-hebergement\" data-postid='31600' data-id-reservation='16' data-id-site='7657' data-id1='80177' data-nombre_de_personnes='6' data-nombre_de_chambres='0' data-last-update='2025-10-28 08:54:01' data-type='camping-fr' data-options-hebergements='electricite'>\n\n\t<div class=\"container\">\n\n\n\n\t\t\n\t\t\t<div class=\"ls-single-hebergement__close\">\n\n\t\t\t\t<i class=\"fas fa-times\"><\/i> Schlie\u00dfen\n\t\t\t<\/div>\n\n\t\t\n\n\n\t\t<div class=\"ls-single-hebergement__thumbnail\">\n\n\t\t\t<img decoding=\"async\" width=\"800\" height=\"1067\" src=\"https:\/\/www.camping-bellavista.com\/wp-content\/uploads\/2024\/02\/pict_16_1.jpg\" class=\"attachment-full size-full wp-post-image\" alt=\"\" srcset=\"https:\/\/www.camping-bellavista.com\/wp-content\/uploads\/2024\/02\/pict_16_1.jpg 800w, https:\/\/www.camping-bellavista.com\/wp-content\/uploads\/2024\/02\/pict_16_1-225x300.jpg 225w, https:\/\/www.camping-bellavista.com\/wp-content\/uploads\/2024\/02\/pict_16_1-768x1024.jpg 768w\" sizes=\"(max-width: 800px) 100vw, 800px\" \/>\t\t\t<div class=\"ls-single-hebergement__icons\">\n\n\n\n\t\t\t\t\n\n\n\t\t\t\t\n\n\n\t\t\t\t\n\n\n\t\t\t\t\n\n\n\t\t\t\t\n\n\n\t\t\t\t<!-- Options icons -->\n\n\t\t\t\t\n\t\t\t\t\t\n\t\t\t\t\n\n\n\t\t\t<\/div> <!-- End icons -->\n\t\t<\/div>\n\t\t<div class=\"wp-block-columns\">\n\n\t\t\t<div class=\"wp-block-column\" style=\"flex-basis:66.66%\">\n\n\n\n\t\t\t\t\n\n\n\t\t\t\t<h1>Stellplatz Van\/Caravan\/CC buchbar<\/h1>\n\n\t\t\t\t<div class=\"ls-single-hebergement__buttons\">\n\n\n\t\t\t\t\t<!-- Inventaire Button -->\n\t\t\t\t\t\n\t\t\t\t\t<!-- End inventaire button -->\n\n\t\t\t\t<\/div>\n\n\n\n\t\t\t\t<div class=\"ls-single-hebergement__description\">\n\n\t\t\t\t\t<p>Unsere Stellpl\u00e4tze sind f\u00fcr mindestens 7 Tage oder + buchbar!<\/p>\n<p>Unser Basispaket umfasst :<\/p>\n<p>-2 Personen<br \/>\n-1 Van oder 1 Wohnmobil oder 1 Wohnwagen.<br \/>\n-1 Stellplatz mit einer Fl\u00e4che von 80m\u00b2.<br \/>\n-1 europ\u00e4ischer Stromanschluss 10A<br \/>\n-1 Haustier, das kostenlos akzeptiert wird.<\/p>\n<p>Gestalte deinen Aufenthalt im n\u00e4chsten Schritt individuell, indem du Teilnehmer und\/oder Optionen nach deinen Bed\u00fcrfnissen hinzuf\u00fcgst!<\/p>\n\n\t\t\t\t<\/div>\n\n\n\n\t\t\t\t\n\t\t\t<\/div>\n\n\t\t\t<div class=\"wp-block-column\" style=\"flex-basis:33.333%\">\n\n\t\t\t\t<div class=\"ls-single-hebergement__sidebar\">\n\n\t\t\t\t\t<h3>Ihr Aufenthalt<\/h3>\n\n\t\t\t\t\t<form class=\"form-resa form-resa--single\">\n\t\t\t\t\t\t<div class=\"form-resa__dates\">\n\t\t\t\t\t\t\t<div class=\"form-resa__date\">\n\t\t\t\t\t\t\t\t<i class=\"icon-calendar\"><\/i>\n\t\t\t\t\t\t\t\t\t\t\t\t\t\t\t\t<input autocomplete=\"off\" id=\"form-resa-single__start\" value=\"\" class=\"datepicker datepicker--start\" type=\"text\" placeholder=\"Ankunft\">\n\t\t\t\t\t\t\t<\/div>\n\t\t\t\t\t\t\t<div class=\"form-resa__date\">\n\t\t\t\t\t\t\t\t\t\t\t\t\t\t\t\t<input autocomplete=\"off\" id=\"form-resa-single__end\" value=\"\" class=\"datepicker datepicker--end\" type=\"text\" placeholder=\"Abreise\">\n\t\t\t\t\t\t\t<\/div>\n\t\t\t\t\t\t<\/div>\n\t\t\t\t\t<\/form>\n\n\t\t\t\t\t<div class=\"disponibilite-wrap ls-dispo\">\n\t\t\t\t\t\tEntdecken Sie\t\t\t\t\t<\/div>\n\n\t\t\t\t<\/div>\n\n\t\t\t<\/div>\n\n\t\t<\/div>\n\n\t<\/div>\n\n<\/div><\/div><div class=\"ls-hebergement\" data-postid='31606' data-id-reservation='15' data-id-site='7657' data-id1='80177' data-nombre_de_personnes='6' data-nombre_de_chambres='0' data-last-update='2025-10-28 08:54:01' data-type='camping-fr' data-options-hebergements='electricite'>\n\t<div class=\"ls-hebergement__thumb\">\n\n\t\t\t\t<img decoding=\"async\" src=\"https:\/\/www.camping-bellavista.com\/wp-content\/uploads\/2024\/02\/pict_15_1.jpg\" alt=\"Stellplatz Zelt buchbar\" \/>\n\n\t<\/div>\n\n\n\n\t<div class=\"ls-hebergement__title\">\n\n\t\tStellplatz Zelt buchbar\t\t\n\n\t<\/div>\n\n\n\n\t<div class=\"ls-hebergement__details\">\n\n\n\n\t\t<div class=\"ls-hebergement__icons\">\n\n\n\n\t\t\t\n\t\t\t\t<span class=\"ls-hebergement__icon\">\n\n\t\t\t\t\t<i class=\"fas fa-users\"><\/i>\n\n\t\t\t\t\t6\n\t\t\t\t<\/span>\n\n\t\t\t\n\n\n\t\t\t\n\n\n\t\t\t\n\t\t\t\t<span class=\"ls-hebergement__icon\">\n\n\t\t\t\t\t<i class=\"fas fa-vector-square\"><\/i>\n\n\t\t\t\t\t80m\u00b2\n\n\t\t\t\t<\/span>\n\n\t\t\t\n\t\t<\/div>\n\n\t<\/div>\n\n\n\n\n\n\n\n\t<div class=\"ls-hebergement__disponibilites\">\n\t\tEntdecken Sie\t<\/div>\n\t<div class=\"ls-single-hebergement\" data-postid='31606' data-id-reservation='15' data-id-site='7657' data-id1='80177' data-nombre_de_personnes='6' data-nombre_de_chambres='0' data-last-update='2025-10-28 08:54:01' data-type='camping-fr' data-options-hebergements='electricite'>\n\n\t<div class=\"container\">\n\n\n\n\t\t\n\t\t\t<div class=\"ls-single-hebergement__close\">\n\n\t\t\t\t<i class=\"fas fa-times\"><\/i> Schlie\u00dfen\n\t\t\t<\/div>\n\n\t\t\n\n\n\t\t<div class=\"ls-single-hebergement__thumbnail\">\n\n\t\t\t<img decoding=\"async\" width=\"800\" height=\"1067\" src=\"https:\/\/www.camping-bellavista.com\/wp-content\/uploads\/2024\/02\/pict_15_1.jpg\" class=\"attachment-full size-full wp-post-image\" alt=\"\" srcset=\"https:\/\/www.camping-bellavista.com\/wp-content\/uploads\/2024\/02\/pict_15_1.jpg 800w, https:\/\/www.camping-bellavista.com\/wp-content\/uploads\/2024\/02\/pict_15_1-225x300.jpg 225w, https:\/\/www.camping-bellavista.com\/wp-content\/uploads\/2024\/02\/pict_15_1-768x1024.jpg 768w\" sizes=\"(max-width: 800px) 100vw, 800px\" \/>\t\t\t<div class=\"ls-single-hebergement__icons\">\n\n\n\n\t\t\t\t\n\n\n\t\t\t\t\n\n\n\t\t\t\t\n\n\n\t\t\t\t\n\n\n\t\t\t\t\n\n\n\t\t\t\t<!-- Options icons -->\n\n\t\t\t\t\n\t\t\t\t\t\n\t\t\t\t\n\n\n\t\t\t<\/div> <!-- End icons -->\n\t\t<\/div>\n\t\t<div class=\"wp-block-columns\">\n\n\t\t\t<div class=\"wp-block-column\" style=\"flex-basis:66.66%\">\n\n\n\n\t\t\t\t\n\n\n\t\t\t\t<h1>Stellplatz Zelt buchbar<\/h1>\n\n\t\t\t\t<div class=\"ls-single-hebergement__buttons\">\n\n\n\t\t\t\t\t<!-- Inventaire Button -->\n\t\t\t\t\t\n\t\t\t\t\t<!-- End inventaire button -->\n\n\t\t\t\t<\/div>\n\n\n\n\t\t\t\t<div class=\"ls-single-hebergement__description\">\n\n\t\t\t\t\t<p>Nos emplacements sont r\u00e9servables pour un minimum de 7 jours ou + !<\/p>\n<p>Notre forfait de base comprend :<\/p>\n<p>-2 personnes<br \/>\n&#8211; 1 tente<br \/>\n-1 v\u00e9hicule (1 voiture )<br \/>\n-1 emplacement d&#8217;une superficie de 80m\u00b2<br \/>\n-1 branchement \u00e9lectrique 10A europ\u00e9en<br \/>\n-1 animal accept\u00e9 gratuitement<\/p>\n<p>Personnalisez votre s\u00e9jour \u00e0 l&#8217;\u00e9tape suivante en ajoutant des participants et\/ou des options selon vos besoins !<\/p>\n\n\t\t\t\t<\/div>\n\n\n\n\t\t\t\t\n\t\t\t<\/div>\n\n\t\t\t<div class=\"wp-block-column\" style=\"flex-basis:33.333%\">\n\n\t\t\t\t<div class=\"ls-single-hebergement__sidebar\">\n\n\t\t\t\t\t<h3>Ihr Aufenthalt<\/h3>\n\n\t\t\t\t\t<form class=\"form-resa form-resa--single\">\n\t\t\t\t\t\t<div class=\"form-resa__dates\">\n\t\t\t\t\t\t\t<div class=\"form-resa__date\">\n\t\t\t\t\t\t\t\t<i class=\"icon-calendar\"><\/i>\n\t\t\t\t\t\t\t\t\t\t\t\t\t\t\t\t<input autocomplete=\"off\" id=\"form-resa-single__start\" value=\"\" class=\"datepicker datepicker--start\" type=\"text\" placeholder=\"Ankunft\">\n\t\t\t\t\t\t\t<\/div>\n\t\t\t\t\t\t\t<div class=\"form-resa__date\">\n\t\t\t\t\t\t\t\t\t\t\t\t\t\t\t\t<input autocomplete=\"off\" id=\"form-resa-single__end\" value=\"\" class=\"datepicker datepicker--end\" type=\"text\" placeholder=\"Abreise\">\n\t\t\t\t\t\t\t<\/div>\n\t\t\t\t\t\t<\/div>\n\t\t\t\t\t<\/form>\n\n\t\t\t\t\t<div class=\"disponibilite-wrap ls-dispo\">\n\t\t\t\t\t\tEntdecken Sie\t\t\t\t\t<\/div>\n\n\t\t\t\t<\/div>\n\n\t\t\t<\/div>\n\n\t\t<\/div>\n\n\t<\/div>\n\n<\/div><\/div><\/div><\/div>\n\r\n    <\/div>\r\n<\/section>\n\n<section id=\"ls-section-block_89b0bb6c90fd136a803d1bcb62ba0327\" class=\"ls-section \" >\r\n        <div class=\"container container--wide\">\r\n        \n\n<div class=\"wp-block-columns are-vertically-aligned-center is-layout-flex wp-container-core-columns-is-layout-1 wp-block-columns-is-layout-flex\">\n<div class=\"wp-block-column is-vertically-aligned-center fancybox is-layout-flow wp-block-column-is-layout-flow\">\n<figure class=\"wp-block-image size-large\"><a href=\"https:\/\/www.camping-bellavista.com\/wp-content\/uploads\/2021\/12\/camping-location-emplacement-caravaning-corse.jpg\"><img decoding=\"async\" width=\"1200\" height=\"800\" src=\"https:\/\/www.camping-bellavista.com\/wp-content\/uploads\/2021\/12\/camping-location-emplacement-caravaning-corse.jpg\" alt=\"camping location emplacement caravaning corse\" class=\"wp-image-1819\" srcset=\"https:\/\/www.camping-bellavista.com\/wp-content\/uploads\/2021\/12\/camping-location-emplacement-caravaning-corse.jpg 1200w, https:\/\/www.camping-bellavista.com\/wp-content\/uploads\/2021\/12\/camping-location-emplacement-caravaning-corse-300x200.jpg 300w, https:\/\/www.camping-bellavista.com\/wp-content\/uploads\/2021\/12\/camping-location-emplacement-caravaning-corse-1024x683.jpg 1024w, https:\/\/www.camping-bellavista.com\/wp-content\/uploads\/2021\/12\/camping-location-emplacement-caravaning-corse-768x512.jpg 768w\" sizes=\"(max-width: 1200px) 100vw, 1200px\" \/><\/a><\/figure>\n<\/div>\n\n\n\n<div class=\"wp-block-column is-vertically-aligned-center is-layout-flow wp-block-column-is-layout-flow\">\n<h2 class=\"ls__heading wp-block-heading has-color-2-color has-text-color\">Unsere Standorte zur Miete in Calvi<\/h2>\n\n\n\n<p class=\"ls-paragraph\">Der Campingplatz Bella Vista in Calvi ist ideal, um einen Traumurlaub in der Region Balagne auf Korsika zu verbringen! Dieser Campingplatz liegt 700 m vom Strand und 1 km vom Zentrum von Calvi entfernt und bietet Ihnen Unterk\u00fcnfte, darunter 123 Stellpl\u00e4tze, auf denen Sie Ihr Zelt aufschlagen oder Ihren Wohnwagen oder Ihr Wohnmobil aufstellen k\u00f6nnen, sowie Mobilheime, die Sie in Calvi mieten k\u00f6nnen.<\/p>\n\n\n\n<p class=\"ls-paragraph\">Auf einem flachen, 6 Hektar gro\u00dfen Grundst\u00fcck mit B\u00e4umen und Blumen ist die Umgebung ruhig und l\u00e4dt zum Entspannen ein.<\/p>\n\n\n\n<p class=\"ls-paragraph\">Die Stellpl\u00e4tze verf\u00fcgen \u00fcber eine Stromanschlussm\u00f6glichkeit mit einer Leistung von 10 Ampere. Drei Sanit\u00e4ranlagen, von denen eine f\u00fcr Behinderte zug\u00e4nglich ist, bieten Ihnen Zugang zu warmen Duschen, Waschbecken, WC und Kinderzimmer.<\/p>\n<\/div>\n<\/div>\n\n\r\n    <\/div>\r\n<\/section>\n\n<section id=\"ls-section-block_bc97c1afc4959cb747ef1cc651ff9e0d\" class=\"ls-section  has-background-image has-parallax has-background has-color-black-background-color has-p-t p-t-16 has-p-b p-b-16\" >\r\n    <div class=\"ls-section__background-image opacity-60\"><img decoding=\"async\" src=\"https:\/\/www.camping-bellavista.com\/wp-content\/uploads\/2023\/08\/camping-location-emplacement-tente-balagne-1.jpg\" alt=\"\"><\/div>    <div class=\"container container--wide\">\r\n        \n\n<h2 class=\"ls__heading wp-block-heading has-text-align-center m-t-0 m-b-0 has-color-white-color has-text-color\">Wohnmobilstellplatz in Balagne<\/h2>\n\n\n\n<p class=\"ls-paragraph has-text-align-center has-color-white-color has-text-color\">Der Campingplatz Bella Vista in Calvi empf\u00e4ngt gerne Wohnmobilisten auf speziell vorgesehenen und ausgestatteten Stellpl\u00e4tzen.<\/p>\n\n\n\n<p class=\"ls-paragraph has-text-align-center\"><span style=\"color:#fff\" class=\"tadv-color\">Eine Euro-Relais-S\u00e4ule erm\u00f6glicht die Entleerung von Abwasser und deckt den Bedarf an Trinkwasser und Strom. Die Parkpl\u00e4tze sind mit B\u00e4umen bepflanzt und angenehm f\u00fcr einen Zwischenstopp an der korsischen K\u00fcste.<\/span><\/p>\n\n\n\n<h2 class=\"ls__heading wp-block-heading has-text-align-center\"><span style=\"color:#fff\" class=\"tadv-color\">Stellplatz, der Hunde akzeptiert, in Calvi<\/span><\/h2>\n\n\n\n<p class=\"ls-paragraph has-text-align-center m-t-0 m-b-0 has-color-white-color has-text-color\">Ihr Hund oder Ihre Haustiere sind in allen Einrichtungen und auf allen Stellpl\u00e4tzen des Campingplatzes Bella Vista in Calvi erlaubt. Es steht Ihnen frei, Ihren kleinen Begleiter auf dem Campingplatz spazieren zu f\u00fchren, wenn Sie m\u00f6chten. Ihr Haustier ist auf allen Mietstellpl\u00e4tzen erlaubt.<\/p>\n\n\r\n    <\/div>\r\n<\/section>\n\n<section id=\"ls-section-block_e88cffd6d864d79f83b542d106ffc401\" class=\"ls-section  has-p-b p-b-6\" >\r\n        <div class=\"container container--wide\">\r\n        \n\n<div class=\"wp-block-columns are-vertically-aligned-center is-layout-flex wp-container-core-columns-is-layout-3 wp-block-columns-is-layout-flex\">\n<div class=\"wp-block-column is-vertically-aligned-center is-layout-flow wp-block-column-is-layout-flow\">\n<h2 class=\"ls__heading wp-block-heading\"><span style=\"color:#a6338b\" class=\"tadv-color\">Campingplatz, der die ACSI-Karte akzeptiert<\/span><\/h2>\n\n\n\n<p class=\"ls-paragraph\">Die ACSI-Karte ist unter Campern wohlbekannt: Sie erm\u00f6glicht es Ihnen, die besten Preise in Calvi zu erhalten, dank der Erm\u00e4\u00dfigungen auf einer Auswahl von Campingpl\u00e4tzen, darunter auch der Campingplatz Bella Vista in Calvi.<\/p>\n\n\n\n<p class=\"ls-paragraph\">Wir geben unseren G\u00e4sten bei Vorlage der ACSI Card vorteilhafte Erm\u00e4\u00dfigungen. Kaufen Sie einfach den ACSI Card Guide zum Preis von 17.95 \u20ac im Jahr 2021, trennen Sie die Karte ab und legen Sie sie bei der Buchung Ihrer Unterkunft vor.<\/p>\n\n\n\n<h2 class=\"ls__heading wp-block-heading\"><span style=\"color:#a6338b\" class=\"tadv-color\">Camping, der die ANWB-Karte akzeptiert<\/span><\/h2>\n\n\n\n<p class=\"ls-paragraph\">Mitglieder des ANWB-Clubs sind auch auf dem Campingplatz Bella Vista in Calvi auf Korsika herzlich willkommen. Der ANWB-Club ist eine niederl\u00e4ndische Initiative, der Urlauber aus den Niederlanden beitreten. So kommen sie in den Genuss von Vorteilen und Vorzugspreisen, wenn sie ihre ANWB-Karte vorzeigen.<\/p>\n<\/div>\n\n\n\n<div class=\"wp-block-column is-vertically-aligned-center fancybox is-layout-flow wp-block-column-is-layout-flow\">\n<div class=\"wp-block-columns is-layout-flex wp-container-core-columns-is-layout-2 wp-block-columns-is-layout-flex\">\n<div class=\"wp-block-column is-layout-flow wp-block-column-is-layout-flow\">\n<figure class=\"wp-block-image size-large\"><a href=\"https:\/\/www.camping-bellavista.com\/wp-content\/uploads\/2021\/12\/camping-location-emplacement-corse.jpg\"><img decoding=\"async\" width=\"1200\" height=\"800\" src=\"https:\/\/www.camping-bellavista.com\/wp-content\/uploads\/2021\/12\/camping-location-emplacement-corse.jpg\" alt=\"camping location emplacement corse\" class=\"wp-image-1822\" srcset=\"https:\/\/www.camping-bellavista.com\/wp-content\/uploads\/2021\/12\/camping-location-emplacement-corse.jpg 1200w, https:\/\/www.camping-bellavista.com\/wp-content\/uploads\/2021\/12\/camping-location-emplacement-corse-300x200.jpg 300w, https:\/\/www.camping-bellavista.com\/wp-content\/uploads\/2021\/12\/camping-location-emplacement-corse-1024x683.jpg 1024w, https:\/\/www.camping-bellavista.com\/wp-content\/uploads\/2021\/12\/camping-location-emplacement-corse-768x512.jpg 768w\" sizes=\"(max-width: 1200px) 100vw, 1200px\" \/><\/a><\/figure>\n<\/div>\n\n\n\n<div class=\"wp-block-column is-layout-flow wp-block-column-is-layout-flow\">\n<figure class=\"wp-block-image size-large\"><a href=\"https:\/\/www.camping-bellavista.com\/wp-content\/uploads\/2021\/12\/camping-location-emplacement-calvi.jpg\"><img decoding=\"async\" width=\"1200\" height=\"800\" src=\"https:\/\/www.camping-bellavista.com\/wp-content\/uploads\/2021\/12\/camping-location-emplacement-calvi.jpg\" alt=\"camping location emplacement calvi\" class=\"wp-image-1825\" srcset=\"https:\/\/www.camping-bellavista.com\/wp-content\/uploads\/2021\/12\/camping-location-emplacement-calvi.jpg 1200w, https:\/\/www.camping-bellavista.com\/wp-content\/uploads\/2021\/12\/camping-location-emplacement-calvi-300x200.jpg 300w, https:\/\/www.camping-bellavista.com\/wp-content\/uploads\/2021\/12\/camping-location-emplacement-calvi-1024x683.jpg 1024w, https:\/\/www.camping-bellavista.com\/wp-content\/uploads\/2021\/12\/camping-location-emplacement-calvi-768x512.jpg 768w\" sizes=\"(max-width: 1200px) 100vw, 1200px\" \/><\/a><\/figure>\n<\/div>\n<\/div>\n\n\n\n<figure class=\"wp-block-image size-large\"><a href=\"https:\/\/www.camping-bellavista.com\/wp-content\/uploads\/2021\/12\/camping-location-emplacement-tente-corse.jpg\"><img decoding=\"async\" width=\"1200\" height=\"800\" src=\"https:\/\/www.camping-bellavista.com\/wp-content\/uploads\/2021\/12\/camping-location-emplacement-tente-corse.jpg\" alt=\"camping location emplacement tente corse\" class=\"wp-image-1828\" srcset=\"https:\/\/www.camping-bellavista.com\/wp-content\/uploads\/2021\/12\/camping-location-emplacement-tente-corse.jpg 1200w, https:\/\/www.camping-bellavista.com\/wp-content\/uploads\/2021\/12\/camping-location-emplacement-tente-corse-300x200.jpg 300w, https:\/\/www.camping-bellavista.com\/wp-content\/uploads\/2021\/12\/camping-location-emplacement-tente-corse-1024x683.jpg 1024w, https:\/\/www.camping-bellavista.com\/wp-content\/uploads\/2021\/12\/camping-location-emplacement-tente-corse-768x512.jpg 768w\" sizes=\"(max-width: 1200px) 100vw, 1200px\" \/><\/a><\/figure>\n<\/div>\n<\/div>\n\n\r\n    <\/div>\r\n<\/section>\n\n<section id=\"ls-section-block_c82823bdfb1dfb0881c4e12b0c44b4c6\" class=\"ls-section  has-p-t p-t-1\" >\r\n        <div class=\"container container--wide\">\r\n        \n\n<p class=\"ls-paragraph ls__heading has-text-align-center has-large-font-size\"><span style=\"color:#a6338b\" class=\"tadv-color\">Die Mobilheime und Preise auf dem Campingplatz<\/span><\/p>\n\n\n\n<div class=\"wp-block-columns is-layout-flex wp-container-core-columns-is-layout-4 wp-block-columns-is-layout-flex\">\n<div class=\"wp-block-column is-layout-flow wp-block-column-is-layout-flow\">\r\n<div id=\"ls-cta-block_6d060ba1b54d38ea7f61b7c896b412d9\" class=\"ls-cta\">  \r\n    \r\n\r\n<a href=\"\/de\/vermietung-mobilheim-calvi\/\" target=\"\" rel=\"noopener\" class=\"ls-cta__link\">\r\n\r\n\t<div class=\"ls-cta__image\"><img decoding=\"async\" src=\"https:\/\/www.camping-bellavista.com\/wp-content\/uploads\/2021\/12\/camping-location-mobil-home-calvi.jpg\" alt=\"camping location mobil home calvi1\"><\/div>\r\n\t<div class=\"ls-cta__title\">\r\n\t\tVermietung von Mobilheimen\t<\/div>\r\n\r\n\t\t\r\n<\/a><\/div><\/div>\n\n\n\n<div class=\"wp-block-column is-layout-flow wp-block-column-is-layout-flow\">\r\n<div id=\"ls-cta-block_395aec518344cc4a3241f62009a53fe5\" class=\"ls-cta\">  \r\n    \r\n\r\n<a href=\"\/de\/guenstiger-campingplatz-calvi\/\" target=\"\" rel=\"noopener\" class=\"ls-cta__link\">\r\n\r\n\t<div class=\"ls-cta__image\"><img decoding=\"async\" src=\"https:\/\/www.camping-bellavista.com\/wp-content\/uploads\/2022\/05\/banner-bella-vista-home-768x432.jpg\" alt=\"banner-bella-vista-home\"><\/div>\r\n\t<div class=\"ls-cta__title\">\r\n\t\tTarife\t<\/div>\r\n\r\n\t\t\r\n<\/a><\/div><\/div>\n\n\n\n<div class=\"wp-block-column is-layout-flow wp-block-column-is-layout-flow\">\r\n<div id=\"ls-cta-block_ff3fba9829928b65c7b0f36ec0e5731e\" class=\"ls-cta\">  \r\n    \r\n\r\n<a href=\"\/de\/aktivitaeten-calvi\/\" target=\"\" rel=\"noopener\" class=\"ls-cta__link\">\r\n\r\n\t<div class=\"ls-cta__image\"><img decoding=\"async\" src=\"https:\/\/www.camping-bellavista.com\/wp-content\/uploads\/2021\/12\/camping-paddle-calvi-768x512.jpg\" alt=\"camping paddle calvi\"><\/div>\r\n\t<div class=\"ls-cta__title\">\r\n\t\tAktivit\u00e4ten in Calvi\t<\/div>\r\n\r\n\t\t\r\n<\/a><\/div><\/div>\n<\/div>\n\n\r\n    <\/div>\r\n<\/section>","protected":false},"excerpt":{"rendered":"","protected":false},"author":1,"featured_media":1336,"parent":0,"menu_order":0,"comment_status":"closed","ping_status":"closed","template":"","meta":{"_acf_changed":false,"footnotes":""},"sujet":[],"class_list":["post-1335","page","type-page","status-publish","has-post-thumbnail","hentry"],"acf":[],"yoast_head":"<!-- This site is optimized with the Yoast SEO plugin v25.3 - https:\/\/yoast.com\/wordpress\/plugins\/seo\/ -->\n<title>Stellplatz mieten Calvi | Luxuri\u00f6ser Stellplatz in der Balagne<\/title>\n<meta name=\"robots\" content=\"index, follow, max-snippet:-1, max-image-preview:large, max-video-preview:-1\" \/>\n<link rel=\"canonical\" href=\"https:\/\/www.camping-bellavista.com\/de\/vermietung-stellplatz-calvi\/\" \/>\n<meta property=\"og:locale\" content=\"de_DE\" \/>\n<meta property=\"og:type\" content=\"article\" \/>\n<meta property=\"og:title\" content=\"Stellplatz mieten Calvi | Luxuri\u00f6ser Stellplatz in der Balagne\" \/>\n<meta property=\"og:url\" content=\"https:\/\/www.camping-bellavista.com\/de\/vermietung-stellplatz-calvi\/\" \/>\n<meta property=\"og:site_name\" content=\"Camping Bella Vista\" \/>\n<meta property=\"article:modified_time\" content=\"2023-08-17T13:57:22+00:00\" \/>\n<meta property=\"og:image\" content=\"https:\/\/www.camping-bellavista.com\/wp-content\/uploads\/2021\/12\/camping-location-emplacement-caravaning-calvi.jpg\" \/>\n\t<meta property=\"og:image:width\" content=\"1900\" \/>\n\t<meta property=\"og:image:height\" content=\"700\" \/>\n\t<meta property=\"og:image:type\" content=\"image\/jpeg\" \/>\n<meta name=\"twitter:card\" content=\"summary_large_image\" \/>\n<meta name=\"twitter:label1\" content=\"Gesch\u00e4tzte Lesezeit\" \/>\n\t<meta name=\"twitter:data1\" content=\"3\u00a0Minuten\" \/>\n<script type=\"application\/ld+json\" class=\"yoast-schema-graph\">{\"@context\":\"https:\/\/schema.org\",\"@graph\":[{\"@type\":\"WebPage\",\"@id\":\"https:\/\/www.camping-bellavista.com\/de\/vermietung-stellplatz-calvi\/\",\"url\":\"https:\/\/www.camping-bellavista.com\/de\/vermietung-stellplatz-calvi\/\",\"name\":\"Stellplatz mieten Calvi | Luxuri\u00f6ser Stellplatz in der Balagne\",\"isPartOf\":{\"@id\":\"https:\/\/www.camping-bellavista.com\/de\/#website\"},\"primaryImageOfPage\":{\"@id\":\"https:\/\/www.camping-bellavista.com\/de\/vermietung-stellplatz-calvi\/#primaryimage\"},\"image\":{\"@id\":\"https:\/\/www.camping-bellavista.com\/de\/vermietung-stellplatz-calvi\/#primaryimage\"},\"thumbnailUrl\":\"https:\/\/www.camping-bellavista.com\/wp-content\/uploads\/2021\/12\/camping-location-emplacement-caravaning-calvi.jpg\",\"datePublished\":\"2021-10-15T09:30:25+00:00\",\"dateModified\":\"2023-08-17T13:57:22+00:00\",\"breadcrumb\":{\"@id\":\"https:\/\/www.camping-bellavista.com\/de\/vermietung-stellplatz-calvi\/#breadcrumb\"},\"inLanguage\":\"de\",\"potentialAction\":[{\"@type\":\"ReadAction\",\"target\":[\"https:\/\/www.camping-bellavista.com\/de\/vermietung-stellplatz-calvi\/\"]}]},{\"@type\":\"ImageObject\",\"inLanguage\":\"de\",\"@id\":\"https:\/\/www.camping-bellavista.com\/de\/vermietung-stellplatz-calvi\/#primaryimage\",\"url\":\"https:\/\/www.camping-bellavista.com\/wp-content\/uploads\/2021\/12\/camping-location-emplacement-caravaning-calvi.jpg\",\"contentUrl\":\"https:\/\/www.camping-bellavista.com\/wp-content\/uploads\/2021\/12\/camping-location-emplacement-caravaning-calvi.jpg\",\"width\":1900,\"height\":700,\"caption\":\"camping location emplacement caravaning calvi\"},{\"@type\":\"BreadcrumbList\",\"@id\":\"https:\/\/www.camping-bellavista.com\/de\/vermietung-stellplatz-calvi\/#breadcrumb\",\"itemListElement\":[{\"@type\":\"ListItem\",\"position\":1,\"name\":\"Campingplatz Korsika\",\"item\":\"https:\/\/www.camping-bellavista.com\/de\/\"},{\"@type\":\"ListItem\",\"position\":2,\"name\":\"Unsere Stellpl\u00e4tze in Calvi zu vermieten\"}]},{\"@type\":\"WebSite\",\"@id\":\"https:\/\/www.camping-bellavista.com\/de\/#website\",\"url\":\"https:\/\/www.camping-bellavista.com\/de\/\",\"name\":\"Camping Bella Vista\",\"description\":\"\",\"publisher\":{\"@id\":\"https:\/\/www.camping-bellavista.com\/de\/#organization\"},\"potentialAction\":[{\"@type\":\"SearchAction\",\"target\":{\"@type\":\"EntryPoint\",\"urlTemplate\":\"https:\/\/www.camping-bellavista.com\/de\/?s={search_term_string}\"},\"query-input\":{\"@type\":\"PropertyValueSpecification\",\"valueRequired\":true,\"valueName\":\"search_term_string\"}}],\"inLanguage\":\"de\"},{\"@type\":\"Organization\",\"@id\":\"https:\/\/www.camping-bellavista.com\/de\/#organization\",\"name\":\"Camping Bellavista\",\"url\":\"https:\/\/www.camping-bellavista.com\/de\/\",\"logo\":{\"@type\":\"ImageObject\",\"inLanguage\":\"de\",\"@id\":\"https:\/\/www.camping-bellavista.com\/de\/#\/schema\/logo\/image\/\",\"url\":\"https:\/\/www.camping-bellavista.com\/wp-content\/uploads\/2021\/12\/logo-bella-vista.png\",\"contentUrl\":\"https:\/\/www.camping-bellavista.com\/wp-content\/uploads\/2021\/12\/logo-bella-vista.png\",\"width\":512,\"height\":512,\"caption\":\"Camping Bellavista\"},\"image\":{\"@id\":\"https:\/\/www.camping-bellavista.com\/de\/#\/schema\/logo\/image\/\"}}]}<\/script>\n<!-- \/ Yoast SEO plugin. -->","yoast_head_json":{"title":"Stellplatz mieten Calvi | Luxuri\u00f6ser Stellplatz in der Balagne","robots":{"index":"index","follow":"follow","max-snippet":"max-snippet:-1","max-image-preview":"max-image-preview:large","max-video-preview":"max-video-preview:-1"},"canonical":"https:\/\/www.camping-bellavista.com\/de\/vermietung-stellplatz-calvi\/","og_locale":"de_DE","og_type":"article","og_title":"Stellplatz mieten Calvi | Luxuri\u00f6ser Stellplatz in der Balagne","og_url":"https:\/\/www.camping-bellavista.com\/de\/vermietung-stellplatz-calvi\/","og_site_name":"Camping Bella Vista","article_modified_time":"2023-08-17T13:57:22+00:00","og_image":[{"width":1900,"height":700,"url":"https:\/\/www.camping-bellavista.com\/wp-content\/uploads\/2021\/12\/camping-location-emplacement-caravaning-calvi.jpg","type":"image\/jpeg"}],"twitter_card":"summary_large_image","twitter_misc":{"Gesch\u00e4tzte Lesezeit":"3\u00a0Minuten"},"schema":{"@context":"https:\/\/schema.org","@graph":[{"@type":"WebPage","@id":"https:\/\/www.camping-bellavista.com\/de\/vermietung-stellplatz-calvi\/","url":"https:\/\/www.camping-bellavista.com\/de\/vermietung-stellplatz-calvi\/","name":"Stellplatz mieten Calvi | Luxuri\u00f6ser Stellplatz in der Balagne","isPartOf":{"@id":"https:\/\/www.camping-bellavista.com\/de\/#website"},"primaryImageOfPage":{"@id":"https:\/\/www.camping-bellavista.com\/de\/vermietung-stellplatz-calvi\/#primaryimage"},"image":{"@id":"https:\/\/www.camping-bellavista.com\/de\/vermietung-stellplatz-calvi\/#primaryimage"},"thumbnailUrl":"https:\/\/www.camping-bellavista.com\/wp-content\/uploads\/2021\/12\/camping-location-emplacement-caravaning-calvi.jpg","datePublished":"2021-10-15T09:30:25+00:00","dateModified":"2023-08-17T13:57:22+00:00","breadcrumb":{"@id":"https:\/\/www.camping-bellavista.com\/de\/vermietung-stellplatz-calvi\/#breadcrumb"},"inLanguage":"de","potentialAction":[{"@type":"ReadAction","target":["https:\/\/www.camping-bellavista.com\/de\/vermietung-stellplatz-calvi\/"]}]},{"@type":"ImageObject","inLanguage":"de","@id":"https:\/\/www.camping-bellavista.com\/de\/vermietung-stellplatz-calvi\/#primaryimage","url":"https:\/\/www.camping-bellavista.com\/wp-content\/uploads\/2021\/12\/camping-location-emplacement-caravaning-calvi.jpg","contentUrl":"https:\/\/www.camping-bellavista.com\/wp-content\/uploads\/2021\/12\/camping-location-emplacement-caravaning-calvi.jpg","width":1900,"height":700,"caption":"camping location emplacement caravaning calvi"},{"@type":"BreadcrumbList","@id":"https:\/\/www.camping-bellavista.com\/de\/vermietung-stellplatz-calvi\/#breadcrumb","itemListElement":[{"@type":"ListItem","position":1,"name":"Campingplatz Korsika","item":"https:\/\/www.camping-bellavista.com\/de\/"},{"@type":"ListItem","position":2,"name":"Unsere Stellpl\u00e4tze in Calvi zu vermieten"}]},{"@type":"WebSite","@id":"https:\/\/www.camping-bellavista.com\/de\/#website","url":"https:\/\/www.camping-bellavista.com\/de\/","name":"Camping Bella Vista","description":"","publisher":{"@id":"https:\/\/www.camping-bellavista.com\/de\/#organization"},"potentialAction":[{"@type":"SearchAction","target":{"@type":"EntryPoint","urlTemplate":"https:\/\/www.camping-bellavista.com\/de\/?s={search_term_string}"},"query-input":{"@type":"PropertyValueSpecification","valueRequired":true,"valueName":"search_term_string"}}],"inLanguage":"de"},{"@type":"Organization","@id":"https:\/\/www.camping-bellavista.com\/de\/#organization","name":"Camping Bellavista","url":"https:\/\/www.camping-bellavista.com\/de\/","logo":{"@type":"ImageObject","inLanguage":"de","@id":"https:\/\/www.camping-bellavista.com\/de\/#\/schema\/logo\/image\/","url":"https:\/\/www.camping-bellavista.com\/wp-content\/uploads\/2021\/12\/logo-bella-vista.png","contentUrl":"https:\/\/www.camping-bellavista.com\/wp-content\/uploads\/2021\/12\/logo-bella-vista.png","width":512,"height":512,"caption":"Camping Bellavista"},"image":{"@id":"https:\/\/www.camping-bellavista.com\/de\/#\/schema\/logo\/image\/"}}]}},"_links":{"self":[{"href":"https:\/\/www.camping-bellavista.com\/de\/wp-json\/wp\/v2\/pages\/1335"}],"collection":[{"href":"https:\/\/www.camping-bellavista.com\/de\/wp-json\/wp\/v2\/pages"}],"about":[{"href":"https:\/\/www.camping-bellavista.com\/de\/wp-json\/wp\/v2\/types\/page"}],"author":[{"embeddable":true,"href":"https:\/\/www.camping-bellavista.com\/de\/wp-json\/wp\/v2\/users\/1"}],"replies":[{"embeddable":true,"href":"https:\/\/www.camping-bellavista.com\/de\/wp-json\/wp\/v2\/comments?post=1335"}],"version-history":[{"count":13,"href":"https:\/\/www.camping-bellavista.com\/de\/wp-json\/wp\/v2\/pages\/1335\/revisions"}],"predecessor-version":[{"id":7063,"href":"https:\/\/www.camping-bellavista.com\/de\/wp-json\/wp\/v2\/pages\/1335\/revisions\/7063"}],"wp:featuredmedia":[{"embeddable":true,"href":"https:\/\/www.camping-bellavista.com\/de\/wp-json\/wp\/v2\/media\/1336"}],"wp:attachment":[{"href":"https:\/\/www.camping-bellavista.com\/de\/wp-json\/wp\/v2\/media?parent=1335"}],"wp:term":[{"taxonomy":"sujet","embeddable":true,"href":"https:\/\/www.camping-bellavista.com\/de\/wp-json\/wp\/v2\/sujet?post=1335"}],"curies":[{"name":"wp","href":"https:\/\/api.w.org\/{rel}","templated":true}]}}