{"id":1347,"date":"2021-10-15T11:30:33","date_gmt":"2021-10-15T09:30:33","guid":{"rendered":"http:\/\/www.camping-bellavista.com\/camping-pas-cher-calvi\/"},"modified":"2025-12-01T15:20:18","modified_gmt":"2025-12-01T14:20:18","slug":"guenstiger-campingplatz-calvi","status":"publish","type":"page","link":"https:\/\/www.camping-bellavista.com\/de\/guenstiger-campingplatz-calvi\/","title":{"rendered":"Tarifs"},"content":{"rendered":"<section id=\"ls-section-block_9c73d35b5f318223f5890d57f7c9198d\" class=\"ls-section  section-mobile\" >\r\n        <div class=\"container \">\r\n        \n\n<h1 class=\"ls__heading wp-block-heading has-text-align-center has-p-b p-b-0 has-color-2-color has-text-color\">G\u00fcnstiger Campingplatz in der Balagne<\/h1>\n\n\r\n    <\/div>\r\n<\/section>\n\n<section id=\"ls-section-block_979af78faaaf8246262e095dfba35063\" class=\"ls-section  has-p-t p-t-0 has-p-b\" >\r\n        <div class=\"container container--wide\">\r\n        \n\n<div class=\"wp-block-columns are-vertically-aligned-center is-layout-flex wp-container-core-columns-is-layout-1 wp-block-columns-is-layout-flex\">\n<div class=\"wp-block-column is-vertically-aligned-center fancybox is-layout-flow wp-block-column-is-layout-flow\">\n<figure class=\"wp-block-image size-large\"><a href=\"https:\/\/www.camping-bellavista.com\/wp-content\/uploads\/2021\/12\/camping-pas-cher-corse.jpg\"><img decoding=\"async\" width=\"1200\" height=\"800\" src=\"https:\/\/www.camping-bellavista.com\/wp-content\/uploads\/2021\/12\/camping-pas-cher-corse.jpg\" alt=\"camping pas cher corse\" class=\"wp-image-1352\" srcset=\"https:\/\/www.camping-bellavista.com\/wp-content\/uploads\/2021\/12\/camping-pas-cher-corse.jpg 1200w, https:\/\/www.camping-bellavista.com\/wp-content\/uploads\/2021\/12\/camping-pas-cher-corse-300x200.jpg 300w, https:\/\/www.camping-bellavista.com\/wp-content\/uploads\/2021\/12\/camping-pas-cher-corse-1024x683.jpg 1024w, https:\/\/www.camping-bellavista.com\/wp-content\/uploads\/2021\/12\/camping-pas-cher-corse-768x512.jpg 768w\" sizes=\"(max-width: 1200px) 100vw, 1200px\" \/><\/a><\/figure>\n<\/div>\n\n\n\n<div class=\"wp-block-column is-vertically-aligned-center is-layout-flow wp-block-column-is-layout-flow\">\n<h2 class=\"ls__heading wp-block-heading has-color-2-color has-text-color\">Camping mit dem besten Preis-Leistungs-Verh\u00e4ltnis in Calvi<\/h2>\n\n\n\n<p class=\"ls-paragraph\">Es ist nicht einfach, in der Region Balagne einen Campingplatz zum besten Preis zu finden. Auf dem mit 3 Sternen ausgezeichneten Campingplatz Bella Vista in Calvi profitieren Sie von einem kleinen Preis, der f\u00fcr eine Unterkunft in Calvi angesichts der gebotenen Leistungen sehr attraktiv ist.<\/p>\n\n\n\n<p class=\"ls-paragraph\">Korsika ist eine beliebte Urlaubsregion, vor allem in der Hochsaison. Einen g\u00fcnstigen Campingplatz mit guten Leistungen zu finden, bereitet oft Kopfzerbrechen. Seien Sie versichert, dass Sie an einem friedlichen und freundlichen Ort in Calvi, in der N\u00e4he von \u00cele Rousse, in der Balagne einen hochwertigen Service erhalten.<\/p>\n<\/div>\n<\/div>\n\n\r\n    <\/div>\r\n<\/section>\n\n<section id=\"ls-section-block_16b47e545b08afff7f996fd5e5f7c7ec\" class=\"ls-section \" >\r\n        <div class=\"container \">\r\n        \n\n<h2 class=\"ls__heading wp-block-heading has-color-2-color has-text-color\">Preise Campingpl\u00e4tze<\/h2>\n\n\n\n<table class=\"tarif\" width=\"100%\">\n<thead>\n<tr>\n<th rowspan=\"2\">Tarife 2026<\/th>\n<th>18 April \/ 27 Juni<\/th>\n<th>27 Juni \/ 04 Juli<\/th>\n<th>04 Juli \/ 11 Juli<\/th>\n<th rowspan=\"2\">11 Juli \/ 18 Juli<\/th>\n<th rowspan=\"2\">18 Juli \/ 25 Juli<\/th>\n<th rowspan=\"2\">25 Juli \/ 22 August<\/th>\n<\/tr>\n<tr>\n<th class=\"ligne2\">05 Sept \/ 07 Okt<\/th>\n<th class=\"ligne2\">29 August \/ 05 Sept<\/th>\n<th class=\"ligne2\">22 August \/ 29 August<\/th>\n<\/tr>\n<\/thead>\n<tbody>\n<tr>\n<th>Pauschale Stellplatz Zelt <\/br> 2 pers &#8211; 1 Zelt- 1 Fahrzeug <\/br> Strom<\/th>\n<td>26 \u20ac<\/td>\n<td>28 \u20ac<\/td>\n<td>33 \u20ac<\/td>\n<td>40 \u20ac<\/td>\n<td>42 \u20ac<\/td>\n<td>49 \u20ac<\/td>\n<\/tr>\n<tr>\n<th>Pauschale Stellplatz Van\/CC\/Wohnwagen <\/br> 2 pers &#8211; 1 Van\/CC\/Wohnwagen <\/br> Strom<\/th>\n<td>28 \u20ac<\/td>\n<td>30 \u20ac<\/td>\n<td>36 \u20ac<\/td>\n<td>43 \u20ac<\/td>\n<td>45 \u20ac<\/td>\n<td>52 \u20ac<\/td>\n<\/tr>\n\n<tr>\n<th class=\"ligne2\" colspan=\"7\">Zusatz <\/th>\n<\/tr>\n<\/thead>\n<tbody>\n<tr>\n<th>Person<\/th>\n<td>7 \u20ac<\/td>\n<td>9 \u20ac<\/td>\n<td>10 \u20ac<\/td>\n<td>12 \u20ac<\/td>\n<td>12 \u20ac<\/td>\n<td>15 \u20ac<\/td>\n<\/tr>\n<tr>\n<th>Teenager zwischen 10 und 17 Jahren<\/th>\n<td>7 \u20ac<\/td>\n<td>9 \u20ac<\/td>\n<td>10 \u20ac<\/td>\n<td>12 \u20ac<\/td>\n<td>12 \u20ac<\/td>\n<td>15 \u20ac<\/td>\n<\/tr>\n<tr>\n<th>Kind zwischen 2 und 9 Jahren<\/th>\n<td>5 \u20ac<\/td>\n<td>6 \u20ac<\/td>\n<td>9 \u20ac<\/td>\n<td>9 \u20ac<\/td>\n<td>9 \u20ac<\/td>\n<td>9 \u20ac<\/td>\n<\/tr>\n<tr>\n<th>Baby unter 2 Jahren<\/th>\n<td>Kostenlos<\/td>\n<td>Kostenlos<\/td>\n<td>Kostenlos<\/td>\n<td>Kostenlos<\/td>\n<td>Kostenlos<\/td>\n<td>Kostenlos<\/td>\n<\/tr>\n<th>Zelt 2 Pl\u00e4tze<\/th>\n<td>3 \u20ac<\/td>\n<td>4 \u20ac<\/td>\n<td>6 \u20ac<\/td>\n<td>6 \u20ac<\/td>\n<td>6 \u20ac<\/td>\n<td>6 \u20ac<\/td>\n<\/tr>\n<tr>\n<th>Zelt 3 Pl\u00e4tze und +<\/th>\n<td>5 \u20ac<\/td>\n<td>7 \u20ac<\/td>\n<td>9 \u20ac<\/td>\n<td>9 \u20ac<\/td>\n<td>9 \u20ac<\/td>\n<td>9 \u20ac<\/td>\n<\/tr>\n<tr>\n<th>Van \/ Kleinbus<\/th>\n<td>5 \u20ac<\/td>\n<td>7 \u20ac<\/td>\n<td>11 \u20ac<\/td>\n<td>11 \u20ac<\/td>\n<td>11 \u20ac<\/td>\n<td>11 \u20ac<\/td>\n<\/tr>\n<tr>\n<th>Wohnmobil<\/th>\n<td>7 \u20ac<\/td>\n<td>8 \u20ac<\/td>\n<td>13 \u20ac<\/td>\n<td>13 \u20ac<\/td>\n<td>13 \u20ac<\/td>\n<td>13 \u20ac<\/td>\n<\/tr>\n<tr>\n<th>Wohnwagen<\/th>\n<td>7 \u20ac<\/td>\n<td>8 \u20ac<\/td>\n<td>13 \u20ac<\/td>\n<td>13 \u20ac<\/td>\n<td>13 \u20ac<\/td>\n<td>13 \u20ac<\/td>\n<\/tr>\n<tr>\n<th>Auto<\/th>\n<td>3 \u20ac<\/td>\n<td>4 \u20ac<\/td>\n<td>6 \u20ac<\/td>\n<td>6 \u20ac<\/td>\n<td>6 \u20ac<\/td>\n<td>6 \u20ac<\/td>\n<\/tr>\n<tr>\n<th>Motorrad<\/th>\n<td>2 \u20ac<\/td>\n<td>3 \u20ac<\/td>\n<td>4 \u20ac<\/td>\n<td>4 \u20ac<\/td>\n<td>4 \u20ac<\/td>\n<td>4 \u20ac<\/td>\n<\/tr>\n<tr>\n<th>Trailer<\/th>\n<td>3 \u20ac<\/td>\n<td>4 \u20ac<\/td>\n<td>5 \u20ac<\/td>\n<td>5 \u20ac<\/td>\n<td>5 \u20ac<\/td>\n<td>5 \u20ac<\/td>\n<\/tr>\n<tr>\n<th>Besucher<\/th>\n<td>7 \u20ac<\/td>\n<td>9 \u20ac<\/td>\n<td>10 \u20ac<\/td>\n<td>12 \u20ac<\/td>\n<td>12 \u20ac<\/td>\n<td>15 \u20ac<\/td>\n<\/tr>\n<tr>\n<th>K\u00fchlschrank mieten<\/th>\n<td>10 \u20ac<\/td>\n<td>10 \u20ac<\/td>\n<td>10 \u20ac<\/td>\n<td>10 \u20ac<\/td>\n<td>10 \u20ac<\/td>\n<td>10 \u20ac<\/td>\n<\/tr>\n<tr>\n<th>Hund<\/th>\n<td>1 Kostenlos<\/td>\n<td>1 Kostenlos<\/td>\n<td>1 Kostenlos<\/td>\n<td>1 Kostenlos<\/td>\n<td>1 Kostenlos<\/td>\n<td>1 Kostenlos<\/td>\n<\/tr>\n<tr>\n<th>Zus\u00e4tzlicher Hund<\/th>\n<td>7 \u20ac<\/td>\n<td>7 \u20ac<\/td>\n<td>7 \u20ac<\/td>\n<td>7 \u20ac<\/td>\n<td>7 \u20ac<\/td>\n<td>7 \u20ac<\/td>\n<\/tr>\n<\/tbody><\/table>\n\n\n<section id=\"ls-section-block_16b47e545b08afff7f996fd5e5f7c7ec\" class=\"ls-section \" >\r\n        <div class=\"container \">\r\n        \n\n<h2 class=\"ls__heading wp-block-heading has-color-2-color has-text-color\">UNSERE MIETOPTIONEN<\/h2>\n\n\n\n<table class=\"tarif\" width=\"100%\">\n<thead>\n<tr>\n<th rowspan=\"2\">Unsere Optionen<\/th>\n<th>Tarife<\/th>\n<\/tr>\n<\/thead>\n<tbody>\n<tr>\n<th>Fr\u00fchst\u00fcck<\/th>\n<td>8.50 \u20ac<\/td>\n<\/tr>\n<tr>\n<th>W\u00e4schepaket (Bettw\u00e4sche und Handt\u00fccher), das alle 7 Tage erneuert wird<\/th>\n<td>3.00 \u20ac \/Tag\/Person<\/td>\n<\/tr>\n<tr>\n<th>Babyausstattung (Bett, Hochstuhl, Badewanne)<\/th>\n<td>39 \u20ac \/ Woche<\/td>\n<\/tr>\n<tr>\n<th>Reinigungspauschale w\u00e4hrend des Aufenthalts oder am Ende<\/th>\n<td>85 \u20ac<\/td>\n<\/tr>\n<tr>\n<th>Ich w\u00e4hle meinen Standort<\/th>\n<td>30 \u20ac<\/td>\n<\/tr>\n<\/tbody>\n<\/table>\n\n\r\n    <\/div>\r\n<\/section>\n\r\n    <\/div>\r\n<\/section>\n\n<section id=\"ls-section-block_f09e1d169ea02168e66088959e12d15b\" class=\"ls-section  has-p-t\" >\r\n        <div class=\"container container--wide\">\r\n        \n\n<script>\n    (function(t,h,e,l,i,s,R,E,S,A){\n        t[i]={},t[i][s]=t[i][s]||function(){\n            if(1===arguments.length){return t[i].a[arguments[0]]||null}\n            else{t[i].a=t[i].a||[]; t[i].a[arguments[0]] = arguments[1];}\n        },\n            R=h.createElement(e),E=h.getElementsByTagName(e)[0];\n        R.async=1;R.src=l;E.parentNode.insertBefore(R,E)\n    })(window,document,\"script\",\"https:\/\/thelisresa.webcamp.fr\/ilib\/v4\/?categories&favorites&onenight&searchengine&simpleblock\",\"thelisresa\",\"ilib\");\n    thelisresa.ilib('camping', 'bellavista');\n    thelisresa.ilib('language', 'de');\n<\/script>\n<thr-simpleblock categories=\"[12]\" day=\"samedi\" show-picture=\"true\" search-type=\"1\">\n                                        <\/thr-simpleblock>\n\n\r\n    <\/div>\r\n<\/section>\n\n<section id=\"ls-section-block_6bc8245c812f715b7fb31256156981fe\" class=\"ls-section  has-background-image has-parallax has-background has-color-black-background-color has-p-t p-t-16 has-p-b p-b-16\" >\r\n    <div class=\"ls-section__background-image opacity-70\"><img decoding=\"async\" src=\"https:\/\/www.camping-bellavista.com\/wp-content\/uploads\/2021\/12\/camping-pas-cher-balagne.jpg\" alt=\"camping pas cher balagne\"><\/div>    <div class=\"container container--wide\">\r\n        \n\n<h2 class=\"ls__heading wp-block-heading has-text-align-center m-t-0 m-b-0 has-color-white-color has-text-color\">Unsere verschiedenen Preisklassen auf Korsika<\/h2>\n\n\n\n<p class=\"ls-paragraph has-text-align-center has-color-white-color has-text-color\">Die Preise f\u00fcr Mietunterk\u00fcnfte in Calvi \u00e4ndern sich mit den Jahreszeiten. Am attraktivsten sind die Preise von April bis Juni, im September und bis zur j\u00e4hrlichen Schlie\u00dfung des Campingplatzes Mitte Oktober.<\/p>\n\n\n\n<p class=\"ls-paragraph has-text-align-center\"><span style=\"color:#fff\" class=\"tadv-color\">Die touristische Hochsaison im Juli und August l\u00e4sst die Preise steigen, aber der Campingplatz Bella Vista bietet in der Region ein hervorragendes Preis-Leistungs-Verh\u00e4ltnis.<\/span><\/p>\n\n\r\n    <\/div>\r\n<\/section>\n\n<section id=\"ls-section-block_0eb2d832055528f3d296b435185aa2cb\" class=\"ls-section  has-p-b p-b-6\" >\r\n        <div class=\"container container--wide\">\r\n        \n\n<div class=\"wp-block-columns are-vertically-aligned-center is-layout-flex wp-container-core-columns-is-layout-3 wp-block-columns-is-layout-flex\">\n<div class=\"wp-block-column is-vertically-aligned-center is-layout-flow wp-block-column-is-layout-flow\">\n<h2 class=\"ls__heading wp-block-heading has-color-2-color has-text-color\">Buchen Sie direkt auf dem Campingplatz<\/h2>\n\n\n\n<p class=\"ls-paragraph\">Wenn Sie sicher sein wollen, dass Ihr Urlaub auf einem Campingplatz in Calvi Ihrem Traum entspricht, buchen Sie Ihren Aufenthalt direkt, um den besten Preis zu erhalten.<\/p>\n\n\n\n<p class=\"ls-paragraph\">Kontaktieren Sie uns schnell und Sie haben die M\u00f6glichkeit, die f\u00fcr Sie passende Unterkunft oder den Mietcampingplatz mit dem besten Preis-Leistungs-Verh\u00e4ltnis zu w\u00e4hlen.<\/p>\n\n\n\n<p class=\"ls-paragraph\">Chalet inmitten der Natur, Bungalow mit allem Komfort, Stellplatz f\u00fcr Ihren Wohnwagen oder Ihr Zelt\u2026 W\u00e4hlen Sie die Formel, die Ihren W\u00fcnschen entspricht, ob Sie nun als Paar, mit der Familie oder mit einer Gruppe von Freunden kommen! Auf in den Urlaub in der Balagne!<\/p>\n<\/div>\n\n\n\n<div class=\"wp-block-column is-vertically-aligned-center fancybox is-layout-flow wp-block-column-is-layout-flow\">\n<div class=\"wp-block-columns is-layout-flex wp-container-core-columns-is-layout-2 wp-block-columns-is-layout-flex\">\n<div class=\"wp-block-column is-layout-flow wp-block-column-is-layout-flow\">\n<figure class=\"wp-block-image size-large\"><a href=\"https:\/\/www.camping-bellavista.com\/wp-content\/uploads\/2021\/12\/camping-meilleur-prix-balagne.jpg\"><img decoding=\"async\" width=\"1200\" height=\"800\" src=\"https:\/\/www.camping-bellavista.com\/wp-content\/uploads\/2021\/12\/camping-meilleur-prix-balagne.jpg\" alt=\"camping meilleur prix balagne\" class=\"wp-image-1353\" srcset=\"https:\/\/www.camping-bellavista.com\/wp-content\/uploads\/2021\/12\/camping-meilleur-prix-balagne.jpg 1200w, https:\/\/www.camping-bellavista.com\/wp-content\/uploads\/2021\/12\/camping-meilleur-prix-balagne-300x200.jpg 300w, https:\/\/www.camping-bellavista.com\/wp-content\/uploads\/2021\/12\/camping-meilleur-prix-balagne-1024x683.jpg 1024w, https:\/\/www.camping-bellavista.com\/wp-content\/uploads\/2021\/12\/camping-meilleur-prix-balagne-768x512.jpg 768w\" sizes=\"(max-width: 1200px) 100vw, 1200px\" \/><\/a><\/figure>\n<\/div>\n\n\n\n<div class=\"wp-block-column is-layout-flow wp-block-column-is-layout-flow\">\n<figure class=\"wp-block-image size-large\"><a href=\"https:\/\/www.camping-bellavista.com\/wp-content\/uploads\/2021\/12\/camping-meilleur-prix-calvi.jpg\"><img decoding=\"async\" width=\"1200\" height=\"800\" src=\"https:\/\/www.camping-bellavista.com\/wp-content\/uploads\/2021\/12\/camping-meilleur-prix-calvi.jpg\" alt=\"camping meilleur prix calvi\" class=\"wp-image-1354\" srcset=\"https:\/\/www.camping-bellavista.com\/wp-content\/uploads\/2021\/12\/camping-meilleur-prix-calvi.jpg 1200w, https:\/\/www.camping-bellavista.com\/wp-content\/uploads\/2021\/12\/camping-meilleur-prix-calvi-300x200.jpg 300w, https:\/\/www.camping-bellavista.com\/wp-content\/uploads\/2021\/12\/camping-meilleur-prix-calvi-1024x683.jpg 1024w, https:\/\/www.camping-bellavista.com\/wp-content\/uploads\/2021\/12\/camping-meilleur-prix-calvi-768x512.jpg 768w\" sizes=\"(max-width: 1200px) 100vw, 1200px\" \/><\/a><\/figure>\n<\/div>\n<\/div>\n\n\n\n<figure class=\"wp-block-image size-large\"><a href=\"https:\/\/www.camping-bellavista.com\/wp-content\/uploads\/2021\/12\/camping-meilleur-prix-corse.jpg\"><img decoding=\"async\" width=\"1200\" height=\"800\" src=\"https:\/\/www.camping-bellavista.com\/wp-content\/uploads\/2021\/12\/camping-meilleur-prix-corse.jpg\" alt=\"camping meilleur prix corse\" class=\"wp-image-1355\" srcset=\"https:\/\/www.camping-bellavista.com\/wp-content\/uploads\/2021\/12\/camping-meilleur-prix-corse.jpg 1200w, https:\/\/www.camping-bellavista.com\/wp-content\/uploads\/2021\/12\/camping-meilleur-prix-corse-300x200.jpg 300w, https:\/\/www.camping-bellavista.com\/wp-content\/uploads\/2021\/12\/camping-meilleur-prix-corse-1024x683.jpg 1024w, https:\/\/www.camping-bellavista.com\/wp-content\/uploads\/2021\/12\/camping-meilleur-prix-corse-768x512.jpg 768w\" sizes=\"(max-width: 1200px) 100vw, 1200px\" \/><\/a><\/figure>\n<\/div>\n<\/div>\n\n\r\n    <\/div>\r\n<\/section>\n\n<section id=\"ls-section-block_2c16e0f0c7b6206bc4723afb3c6ca7a5\" class=\"ls-section  has-p-t p-t-1\" >\r\n        <div class=\"container container--wide\">\r\n        \n\n<p class=\"ls-paragraph ls__heading has-text-align-center has-large-font-size\"><span style=\"color:#a6338b\" class=\"tadv-color\">Mobilheime und Stellpl\u00e4tze zur Miete<\/span><\/p>\n\n\n\n<div class=\"wp-block-columns is-layout-flex wp-container-core-columns-is-layout-4 wp-block-columns-is-layout-flex\">\n<div class=\"wp-block-column is-layout-flow wp-block-column-is-layout-flow\">\r\n<div id=\"ls-cta-block_0a7fc0ff92c21e338ea2a74ce5f37e86\" class=\"ls-cta\">  \r\n    \r\n\r\n<a href=\"\/de\/vermietung-mobilheim-calvi\/\" target=\"\" rel=\"noopener\" class=\"ls-cta__link\">\r\n\r\n\t<div class=\"ls-cta__image\"><img decoding=\"async\" src=\"https:\/\/www.camping-bellavista.com\/wp-content\/uploads\/2022\/05\/banner-bella-vista-home-768x432.jpg\" alt=\"banner-bella-vista-home\"><\/div>\r\n\t<div class=\"ls-cta__title\">\r\n\t\tVermietung von Mobilheimen\t<\/div>\r\n\r\n\t\t\r\n<\/a><\/div><\/div>\n\n\n\n<div class=\"wp-block-column is-layout-flow wp-block-column-is-layout-flow\">\r\n<div id=\"ls-cta-block_51c21d5899ff81a21a7dca252beab784\" class=\"ls-cta\">  \r\n    \r\n\r\n<a href=\"\/de\/vermietung-stellplatz-calvi\/\" target=\"\" rel=\"noopener\" class=\"ls-cta__link\">\r\n\r\n\t<div class=\"ls-cta__image\"><img decoding=\"async\" src=\"https:\/\/www.camping-bellavista.com\/wp-content\/uploads\/2021\/11\/camping-location-emplacement-tente-calvi.jpg\" alt=\"camping location emplacement tente calvi\"><\/div>\r\n\t<div class=\"ls-cta__title\">\r\n\t\tCampingpl\u00e4tze\t<\/div>\r\n\r\n\t\t\r\n<\/a><\/div><\/div>\n\n\n\n<div class=\"wp-block-column is-layout-flow wp-block-column-is-layout-flow\">\r\n<div id=\"ls-cta-block_753a7e2fcfa4a1bceed2568965c9ae52\" class=\"ls-cta\">  \r\n    \r\n\r\n<a href=\"\/de\/familiencamping-calvi\/\" target=\"\" rel=\"noopener\" class=\"ls-cta__link\">\r\n\r\n\t<div class=\"ls-cta__image\"><img decoding=\"async\" src=\"https:\/\/www.camping-bellavista.com\/wp-content\/uploads\/2021\/12\/camping-3-etoiles-calvi-768x512.jpg\" alt=\"camping 3 etoiles calvi\"><\/div>\r\n\t<div class=\"ls-cta__title\">\r\n\t\tDienstleistungen des Campingplatzes\t<\/div>\r\n\r\n\t\t\r\n<\/a><\/div><\/div>\n<\/div>\n\n\r\n    <\/div>\r\n<\/section>\n\n<section id=\"ls-section-block_16b47e545b08afff7f996fd5e5f7c7ec\" class=\"ls-section \" >\r\n        <div class=\"container \">\r\n        \r\n    <\/div>\r\n<\/section>","protected":false},"excerpt":{"rendered":"","protected":false},"author":1,"featured_media":1349,"parent":0,"menu_order":0,"comment_status":"closed","ping_status":"closed","template":"","meta":{"_acf_changed":false,"footnotes":""},"sujet":[],"class_list":["post-1347","page","type-page","status-publish","has-post-thumbnail","hentry"],"acf":[],"yoast_head":"<!-- This site is optimized with the Yoast SEO plugin v25.3 - https:\/\/yoast.com\/wordpress\/plugins\/seo\/ -->\n<title>Billigcamping in der Balagne | Billigcamping in Calvi<\/title>\n<meta name=\"robots\" content=\"index, follow, max-snippet:-1, max-image-preview:large, max-video-preview:-1\" \/>\n<link rel=\"canonical\" href=\"https:\/\/www.camping-bellavista.com\/de\/guenstiger-campingplatz-calvi\/\" \/>\n<meta property=\"og:locale\" content=\"de_DE\" \/>\n<meta property=\"og:type\" content=\"article\" \/>\n<meta property=\"og:title\" content=\"Billigcamping in der Balagne | Billigcamping in Calvi\" \/>\n<meta property=\"og:url\" content=\"https:\/\/www.camping-bellavista.com\/de\/guenstiger-campingplatz-calvi\/\" \/>\n<meta property=\"og:site_name\" content=\"Camping Bella Vista\" \/>\n<meta property=\"article:modified_time\" content=\"2025-12-01T14:20:18+00:00\" \/>\n<meta property=\"og:image\" content=\"https:\/\/www.camping-bellavista.com\/wp-content\/uploads\/2021\/12\/camping-pas-cher-calvi.jpg\" \/>\n\t<meta property=\"og:image:width\" content=\"1900\" \/>\n\t<meta property=\"og:image:height\" content=\"700\" \/>\n\t<meta property=\"og:image:type\" content=\"image\/jpeg\" \/>\n<meta name=\"twitter:card\" content=\"summary_large_image\" \/>\n<meta name=\"twitter:label1\" content=\"Gesch\u00e4tzte Lesezeit\" \/>\n\t<meta name=\"twitter:data1\" content=\"5\u00a0Minuten\" \/>\n<script type=\"application\/ld+json\" class=\"yoast-schema-graph\">{\"@context\":\"https:\/\/schema.org\",\"@graph\":[{\"@type\":\"WebPage\",\"@id\":\"https:\/\/www.camping-bellavista.com\/de\/guenstiger-campingplatz-calvi\/\",\"url\":\"https:\/\/www.camping-bellavista.com\/de\/guenstiger-campingplatz-calvi\/\",\"name\":\"Billigcamping in der Balagne | Billigcamping in Calvi\",\"isPartOf\":{\"@id\":\"https:\/\/www.camping-bellavista.com\/de\/#website\"},\"primaryImageOfPage\":{\"@id\":\"https:\/\/www.camping-bellavista.com\/de\/guenstiger-campingplatz-calvi\/#primaryimage\"},\"image\":{\"@id\":\"https:\/\/www.camping-bellavista.com\/de\/guenstiger-campingplatz-calvi\/#primaryimage\"},\"thumbnailUrl\":\"https:\/\/www.camping-bellavista.com\/wp-content\/uploads\/2021\/12\/camping-pas-cher-calvi.jpg\",\"datePublished\":\"2021-10-15T09:30:33+00:00\",\"dateModified\":\"2025-12-01T14:20:18+00:00\",\"breadcrumb\":{\"@id\":\"https:\/\/www.camping-bellavista.com\/de\/guenstiger-campingplatz-calvi\/#breadcrumb\"},\"inLanguage\":\"de\",\"potentialAction\":[{\"@type\":\"ReadAction\",\"target\":[\"https:\/\/www.camping-bellavista.com\/de\/guenstiger-campingplatz-calvi\/\"]}]},{\"@type\":\"ImageObject\",\"inLanguage\":\"de\",\"@id\":\"https:\/\/www.camping-bellavista.com\/de\/guenstiger-campingplatz-calvi\/#primaryimage\",\"url\":\"https:\/\/www.camping-bellavista.com\/wp-content\/uploads\/2021\/12\/camping-pas-cher-calvi.jpg\",\"contentUrl\":\"https:\/\/www.camping-bellavista.com\/wp-content\/uploads\/2021\/12\/camping-pas-cher-calvi.jpg\",\"width\":1900,\"height\":700,\"caption\":\"camping pas cher calvi\"},{\"@type\":\"BreadcrumbList\",\"@id\":\"https:\/\/www.camping-bellavista.com\/de\/guenstiger-campingplatz-calvi\/#breadcrumb\",\"itemListElement\":[{\"@type\":\"ListItem\",\"position\":1,\"name\":\"Campingplatz Korsika\",\"item\":\"https:\/\/www.camping-bellavista.com\/de\/\"},{\"@type\":\"ListItem\",\"position\":2,\"name\":\"Preiswerter Campingplatz in Calvi\"}]},{\"@type\":\"WebSite\",\"@id\":\"https:\/\/www.camping-bellavista.com\/de\/#website\",\"url\":\"https:\/\/www.camping-bellavista.com\/de\/\",\"name\":\"Camping Bella Vista\",\"description\":\"\",\"publisher\":{\"@id\":\"https:\/\/www.camping-bellavista.com\/de\/#organization\"},\"potentialAction\":[{\"@type\":\"SearchAction\",\"target\":{\"@type\":\"EntryPoint\",\"urlTemplate\":\"https:\/\/www.camping-bellavista.com\/de\/?s={search_term_string}\"},\"query-input\":{\"@type\":\"PropertyValueSpecification\",\"valueRequired\":true,\"valueName\":\"search_term_string\"}}],\"inLanguage\":\"de\"},{\"@type\":\"Organization\",\"@id\":\"https:\/\/www.camping-bellavista.com\/de\/#organization\",\"name\":\"Camping Bellavista\",\"url\":\"https:\/\/www.camping-bellavista.com\/de\/\",\"logo\":{\"@type\":\"ImageObject\",\"inLanguage\":\"de\",\"@id\":\"https:\/\/www.camping-bellavista.com\/de\/#\/schema\/logo\/image\/\",\"url\":\"https:\/\/www.camping-bellavista.com\/wp-content\/uploads\/2021\/12\/logo-bella-vista.png\",\"contentUrl\":\"https:\/\/www.camping-bellavista.com\/wp-content\/uploads\/2021\/12\/logo-bella-vista.png\",\"width\":512,\"height\":512,\"caption\":\"Camping Bellavista\"},\"image\":{\"@id\":\"https:\/\/www.camping-bellavista.com\/de\/#\/schema\/logo\/image\/\"}}]}<\/script>\n<!-- \/ Yoast SEO plugin. -->","yoast_head_json":{"title":"Billigcamping in der Balagne | Billigcamping in Calvi","robots":{"index":"index","follow":"follow","max-snippet":"max-snippet:-1","max-image-preview":"max-image-preview:large","max-video-preview":"max-video-preview:-1"},"canonical":"https:\/\/www.camping-bellavista.com\/de\/guenstiger-campingplatz-calvi\/","og_locale":"de_DE","og_type":"article","og_title":"Billigcamping in der Balagne | Billigcamping in Calvi","og_url":"https:\/\/www.camping-bellavista.com\/de\/guenstiger-campingplatz-calvi\/","og_site_name":"Camping Bella Vista","article_modified_time":"2025-12-01T14:20:18+00:00","og_image":[{"width":1900,"height":700,"url":"https:\/\/www.camping-bellavista.com\/wp-content\/uploads\/2021\/12\/camping-pas-cher-calvi.jpg","type":"image\/jpeg"}],"twitter_card":"summary_large_image","twitter_misc":{"Gesch\u00e4tzte Lesezeit":"5\u00a0Minuten"},"schema":{"@context":"https:\/\/schema.org","@graph":[{"@type":"WebPage","@id":"https:\/\/www.camping-bellavista.com\/de\/guenstiger-campingplatz-calvi\/","url":"https:\/\/www.camping-bellavista.com\/de\/guenstiger-campingplatz-calvi\/","name":"Billigcamping in der Balagne | Billigcamping in Calvi","isPartOf":{"@id":"https:\/\/www.camping-bellavista.com\/de\/#website"},"primaryImageOfPage":{"@id":"https:\/\/www.camping-bellavista.com\/de\/guenstiger-campingplatz-calvi\/#primaryimage"},"image":{"@id":"https:\/\/www.camping-bellavista.com\/de\/guenstiger-campingplatz-calvi\/#primaryimage"},"thumbnailUrl":"https:\/\/www.camping-bellavista.com\/wp-content\/uploads\/2021\/12\/camping-pas-cher-calvi.jpg","datePublished":"2021-10-15T09:30:33+00:00","dateModified":"2025-12-01T14:20:18+00:00","breadcrumb":{"@id":"https:\/\/www.camping-bellavista.com\/de\/guenstiger-campingplatz-calvi\/#breadcrumb"},"inLanguage":"de","potentialAction":[{"@type":"ReadAction","target":["https:\/\/www.camping-bellavista.com\/de\/guenstiger-campingplatz-calvi\/"]}]},{"@type":"ImageObject","inLanguage":"de","@id":"https:\/\/www.camping-bellavista.com\/de\/guenstiger-campingplatz-calvi\/#primaryimage","url":"https:\/\/www.camping-bellavista.com\/wp-content\/uploads\/2021\/12\/camping-pas-cher-calvi.jpg","contentUrl":"https:\/\/www.camping-bellavista.com\/wp-content\/uploads\/2021\/12\/camping-pas-cher-calvi.jpg","width":1900,"height":700,"caption":"camping pas cher calvi"},{"@type":"BreadcrumbList","@id":"https:\/\/www.camping-bellavista.com\/de\/guenstiger-campingplatz-calvi\/#breadcrumb","itemListElement":[{"@type":"ListItem","position":1,"name":"Campingplatz Korsika","item":"https:\/\/www.camping-bellavista.com\/de\/"},{"@type":"ListItem","position":2,"name":"Preiswerter Campingplatz in Calvi"}]},{"@type":"WebSite","@id":"https:\/\/www.camping-bellavista.com\/de\/#website","url":"https:\/\/www.camping-bellavista.com\/de\/","name":"Camping Bella Vista","description":"","publisher":{"@id":"https:\/\/www.camping-bellavista.com\/de\/#organization"},"potentialAction":[{"@type":"SearchAction","target":{"@type":"EntryPoint","urlTemplate":"https:\/\/www.camping-bellavista.com\/de\/?s={search_term_string}"},"query-input":{"@type":"PropertyValueSpecification","valueRequired":true,"valueName":"search_term_string"}}],"inLanguage":"de"},{"@type":"Organization","@id":"https:\/\/www.camping-bellavista.com\/de\/#organization","name":"Camping Bellavista","url":"https:\/\/www.camping-bellavista.com\/de\/","logo":{"@type":"ImageObject","inLanguage":"de","@id":"https:\/\/www.camping-bellavista.com\/de\/#\/schema\/logo\/image\/","url":"https:\/\/www.camping-bellavista.com\/wp-content\/uploads\/2021\/12\/logo-bella-vista.png","contentUrl":"https:\/\/www.camping-bellavista.com\/wp-content\/uploads\/2021\/12\/logo-bella-vista.png","width":512,"height":512,"caption":"Camping Bellavista"},"image":{"@id":"https:\/\/www.camping-bellavista.com\/de\/#\/schema\/logo\/image\/"}}]}},"_links":{"self":[{"href":"https:\/\/www.camping-bellavista.com\/de\/wp-json\/wp\/v2\/pages\/1347"}],"collection":[{"href":"https:\/\/www.camping-bellavista.com\/de\/wp-json\/wp\/v2\/pages"}],"about":[{"href":"https:\/\/www.camping-bellavista.com\/de\/wp-json\/wp\/v2\/types\/page"}],"author":[{"embeddable":true,"href":"https:\/\/www.camping-bellavista.com\/de\/wp-json\/wp\/v2\/users\/1"}],"replies":[{"embeddable":true,"href":"https:\/\/www.camping-bellavista.com\/de\/wp-json\/wp\/v2\/comments?post=1347"}],"version-history":[{"count":27,"href":"https:\/\/www.camping-bellavista.com\/de\/wp-json\/wp\/v2\/pages\/1347\/revisions"}],"predecessor-version":[{"id":32065,"href":"https:\/\/www.camping-bellavista.com\/de\/wp-json\/wp\/v2\/pages\/1347\/revisions\/32065"}],"wp:featuredmedia":[{"embeddable":true,"href":"https:\/\/www.camping-bellavista.com\/de\/wp-json\/wp\/v2\/media\/1349"}],"wp:attachment":[{"href":"https:\/\/www.camping-bellavista.com\/de\/wp-json\/wp\/v2\/media?parent=1347"}],"wp:term":[{"taxonomy":"sujet","embeddable":true,"href":"https:\/\/www.camping-bellavista.com\/de\/wp-json\/wp\/v2\/sujet?post=1347"}],"curies":[{"name":"wp","href":"https:\/\/api.w.org\/{rel}","templated":true}]}}