{"id":1587,"date":"2021-10-15T11:30:25","date_gmt":"2021-10-15T09:30:25","guid":{"rendered":"http:\/\/www.camping-bellavista.com\/location-emplacement-calvi\/"},"modified":"2023-08-17T15:58:16","modified_gmt":"2023-08-17T13:58:16","slug":"posizione-calvi","status":"publish","type":"page","link":"https:\/\/www.camping-bellavista.com\/it\/posizione-calvi\/","title":{"rendered":"Emplacements"},"content":{"rendered":"<section id=\"ls-section-block_d9304597bc098b4eb2092622f7af7ca4\" class=\"ls-section  has-p-b p-b-0 section-mobile-hebergements\" >\r\n        <div class=\"container \">\r\n        \n\n<h1 class=\"ls__heading wp-block-heading has-text-align-center has-color-2-color has-text-color\">Prenota una piazzola in campeggio a Calvi<\/h1>\n\n\r\n    <\/div>\r\n<\/section>\n\n<section id=\"ls-section-block_6966f74599db5930feb2a84480d1833b\" class=\"ls-section  has-p-t p-t-0\" >\r\n        <div class=\"container container--wide\">\r\n        \n\r\n<div id=\"ls-hebergements-block_55fc8b2071125fe6ffddab6ab8f3c2a1\" class=\"ls-hebergements\" >\r\n    \r\n    <div class=\"ls-customizer\">\n\n    <div class=\"ls-customizer__filters\">\n        <div class=\"ls-customizer__filters__close\">\n            <i class=\"fas fa-times\"><\/i>\n        <\/div>\n\n        <div class=\"ls-customizer__filters__title\">\n            <b>Filtri<\/b>\n            <span class=\"ls-customizer__filters__clear\"><i class=\"fas fa-times\"><\/i> Cancellare i filtri<\/span>\n        <\/div>\n\n                \n        <!-- Filtres ACF fields -->\n        \n                                <!-- Filtre nombre_de_personnes -->\n                        <div class=\"filter\" id=\"filter-nombre_de_personnes\">\n                <div class=\"filter__title\">Capacit\u00e9 maximale<i class=\"fas fa-angle-down\"><\/i><\/div>\n                <fieldset data-filter=\"nombre_de_personnes\" data-operator=\"<=\" class=\"input\">\n                    \n                    <div><input type=\"radio\" name=\"nombre_de_personnes\" id=\"nombre_de_personnes-all\"  class=\"checkbox\" \/><label for='nombre_de_personnes-all'>Tous<\/label><\/div><div><input type=\"radio\" name=\"nombre_de_personnes\" id=\"nombre_de_personnes-3\" value=\"3\" class=\"checkbox\"  \/><label for='nombre_de_personnes-3'>Jusqu&#8217;\u00e0 3 pers.<\/label><\/div><div><input type=\"radio\" name=\"nombre_de_personnes\" id=\"nombre_de_personnes-4\" value=\"4\" class=\"checkbox\"  \/><label for='nombre_de_personnes-4'>Jusqu&#8217;\u00e0 4 pers.<\/label><\/div><div><input type=\"radio\" name=\"nombre_de_personnes\" id=\"nombre_de_personnes-5\" value=\"5\" class=\"checkbox\"  \/><label for='nombre_de_personnes-5'>Jusqu&#8217;\u00e0 5 pers.<\/label><\/div><div><input type=\"radio\" name=\"nombre_de_personnes\" id=\"nombre_de_personnes-6\" value=\"6\" class=\"checkbox\"  \/><label for='nombre_de_personnes-6'>Jusqu&#8217;\u00e0 6 pers.<\/label><\/div>                <\/fieldset>\n            <\/div>\n                                <!-- Filtre nombre_de_chambres -->\n                        <div class=\"filter\" id=\"filter-nombre_de_chambres\">\n                <div class=\"filter__title\">Numero di camere<i class=\"fas fa-angle-down\"><\/i><\/div>\n                <fieldset data-filter=\"nombre_de_chambres\" data-operator=\"==\" class=\"input\">\n                    \n                    <div><input type=\"radio\" name=\"nombre_de_chambres\" id=\"nombre_de_chambres-all\"  class=\"checkbox\" \/><label for='nombre_de_chambres-all'>Tous<\/label><\/div><div><input type=\"radio\" name=\"nombre_de_chambres\" id=\"nombre_de_chambres-2\" value=\"2\" class=\"checkbox\"  \/><label for='nombre_de_chambres-2'>2<\/label><\/div><div><input type=\"radio\" name=\"nombre_de_chambres\" id=\"nombre_de_chambres-3\" value=\"3\" class=\"checkbox\"  \/><label for='nombre_de_chambres-3'>3<\/label><\/div>                <\/fieldset>\n            <\/div>\n                                <!-- Filtre options-hebergements -->\n                        <div class=\"filter\" id=\"filter-options-hebergements\">\n                <div class=\"filter__title\">Options<i class=\"fas fa-angle-down\"><\/i><\/div>\n                <fieldset data-filter=\"options-hebergements\" data-operator=\"*=\" class=\"input\">\n                    \n                    <div><input type=\"checkbox\" name=\"options-hebergements\" id=\"options-hebergements-all\"  class=\"checkbox\" \/><label for='options-hebergements-all'>Tous<\/label><\/div><div><input type=\"checkbox\" name=\"options-hebergements\" id=\"options-hebergements-chauffage\" value=\"chauffage\" class=\"checkbox\"  \/><label for='options-hebergements-chauffage'>Chauffage<\/label><\/div><div><input type=\"checkbox\" name=\"options-hebergements\" id=\"options-hebergements-climatisation\" value=\"climatisation\" class=\"checkbox\"  \/><label for='options-hebergements-climatisation'>Climatisation<\/label><\/div><div><input type=\"checkbox\" name=\"options-hebergements\" id=\"options-hebergements-congelateur\" value=\"congelateur\" class=\"checkbox\"  \/><label for='options-hebergements-congelateur'>Cong\u00e9lateur<\/label><\/div><div><input type=\"checkbox\" name=\"options-hebergements\" id=\"options-hebergements-micro-ondes\" value=\"micro-ondes\" class=\"checkbox\"  \/><label for='options-hebergements-micro-ondes'>Micro-ondes<\/label><\/div><div><input type=\"checkbox\" name=\"options-hebergements\" id=\"options-hebergements-pmr\" value=\"pmr\" class=\"checkbox\"  \/><label for='options-hebergements-pmr'>PMR<\/label><\/div><div><input type=\"checkbox\" name=\"options-hebergements\" id=\"options-hebergements-parking-1-place\" value=\"parking-1-place\" class=\"checkbox\"  \/><label for='options-hebergements-parking-1-place'>Parking 1 place<\/label><\/div><div><input type=\"checkbox\" name=\"options-hebergements\" id=\"options-hebergements-refrigerateur\" value=\"refrigerateur\" class=\"checkbox\"  \/><label for='options-hebergements-refrigerateur'>R\u00e9frig\u00e9rateur<\/label><\/div><div><input type=\"checkbox\" name=\"options-hebergements\" id=\"options-hebergements-salle-de-bain\" value=\"salle-de-bain\" class=\"checkbox\"  \/><label for='options-hebergements-salle-de-bain'>Salle de bain<\/label><\/div><div><input type=\"checkbox\" name=\"options-hebergements\" id=\"options-hebergements-terrasse\" value=\"terrasse\" class=\"checkbox\"  \/><label for='options-hebergements-terrasse'>Terrasse<\/label><\/div><div><input type=\"checkbox\" name=\"options-hebergements\" id=\"options-hebergements-television\" value=\"television\" class=\"checkbox\"  \/><label for='options-hebergements-television'>T\u00e9l\u00e9vision<\/label><\/div><div><input type=\"checkbox\" name=\"options-hebergements\" id=\"options-hebergements-wi-fi\" value=\"wi-fi\" class=\"checkbox\"  \/><label for='options-hebergements-wi-fi'>Wi-Fi<\/label><\/div><div><input type=\"checkbox\" name=\"options-hebergements\" id=\"options-hebergements-electricite\" value=\"electricite\" class=\"checkbox\"  \/><label for='options-hebergements-electricite'>\u00c9lectricit\u00e9<\/label><\/div>                <\/fieldset>\n            <\/div>\n        \n        <div id=\"validate-filters\" class=\"ls-button\">Valider la s\u00e9lection<\/div>\n\n        \n    <\/div>\n\n    <div class=\"ls-customizer__orders\">\n        <i class=\"fas fa-sort\"><\/i>\n        <select class=\"select-order\">\n            <option selected value=\"\">Trier par<\/option>\n            <option value=\"price-asc\">Prix croissant<\/option>\n            <option value=\"price-desc\">Prix d\u00e9croissant<\/option>\n        <\/select>\n    <\/div>\n\n<\/div><div class=\"ls-hebergements__results\" data-row=\"3\" data-campings=\"false\" data-types=\"[97]\"><div class=\"ls-hebergement\" data-postid='31589' data-id-reservation='16' data-id-site='7657' data-id1='80177' data-nombre_de_personnes='6' data-nombre_de_chambres='0' data-last-update='2025-10-28 08:54:00' data-type='camping-fr' data-options-hebergements='electricite'>\n\t<div class=\"ls-hebergement__thumb\">\n\n\t\t\t\t<img decoding=\"async\" src=\"https:\/\/www.camping-bellavista.com\/wp-content\/uploads\/2024\/02\/pict_16_1.jpg\" alt=\"Piazzola per furgoni\/caravan\/CC prenotabile\" \/>\n\n\t<\/div>\n\n\n\n\t<div class=\"ls-hebergement__title\">\n\n\t\tPiazzola per furgoni\/caravan\/CC prenotabile\t\t\n\n\t<\/div>\n\n\n\n\t<div class=\"ls-hebergement__details\">\n\n\n\n\t\t<div class=\"ls-hebergement__icons\">\n\n\n\n\t\t\t\n\t\t\t\t<span class=\"ls-hebergement__icon\">\n\n\t\t\t\t\t<i class=\"fas fa-users\"><\/i>\n\n\t\t\t\t\t6\n\t\t\t\t<\/span>\n\n\t\t\t\n\n\n\t\t\t\n\n\n\t\t\t\n\t\t\t\t<span class=\"ls-hebergement__icon\">\n\n\t\t\t\t\t<i class=\"fas fa-vector-square\"><\/i>\n\n\t\t\t\t\t80m\u00b2\n\n\t\t\t\t<\/span>\n\n\t\t\t\n\t\t<\/div>\n\n\t<\/div>\n\n\n\n\n\n\n\n\t<div class=\"ls-hebergement__disponibilites\">\n\t\tScoprire\t<\/div>\n\t<div class=\"ls-single-hebergement\" data-postid='31589' data-id-reservation='16' data-id-site='7657' data-id1='80177' data-nombre_de_personnes='6' data-nombre_de_chambres='0' data-last-update='2025-10-28 08:54:00' data-type='camping-fr' data-options-hebergements='electricite'>\n\n\t<div class=\"container\">\n\n\n\n\t\t\n\t\t\t<div class=\"ls-single-hebergement__close\">\n\n\t\t\t\t<i class=\"fas fa-times\"><\/i> Chiudere\n\t\t\t<\/div>\n\n\t\t\n\n\n\t\t<div class=\"ls-single-hebergement__thumbnail\">\n\n\t\t\t<img decoding=\"async\" width=\"800\" height=\"1067\" src=\"https:\/\/www.camping-bellavista.com\/wp-content\/uploads\/2024\/02\/pict_16_1.jpg\" class=\"attachment-full size-full wp-post-image\" alt=\"\" srcset=\"https:\/\/www.camping-bellavista.com\/wp-content\/uploads\/2024\/02\/pict_16_1.jpg 800w, https:\/\/www.camping-bellavista.com\/wp-content\/uploads\/2024\/02\/pict_16_1-225x300.jpg 225w, https:\/\/www.camping-bellavista.com\/wp-content\/uploads\/2024\/02\/pict_16_1-768x1024.jpg 768w\" sizes=\"(max-width: 800px) 100vw, 800px\" \/>\t\t\t<div class=\"ls-single-hebergement__icons\">\n\n\n\n\t\t\t\t\n\n\n\t\t\t\t\n\n\n\t\t\t\t\n\n\n\t\t\t\t\n\n\n\t\t\t\t\n\n\n\t\t\t\t<!-- Options icons -->\n\n\t\t\t\t\n\t\t\t\t\t\n\t\t\t\t\n\n\n\t\t\t<\/div> <!-- End icons -->\n\t\t<\/div>\n\t\t<div class=\"wp-block-columns\">\n\n\t\t\t<div class=\"wp-block-column\" style=\"flex-basis:66.66%\">\n\n\n\n\t\t\t\t\n\n\n\t\t\t\t<h1>Piazzola per furgoni\/caravan\/CC prenotabile<\/h1>\n\n\t\t\t\t<div class=\"ls-single-hebergement__buttons\">\n\n\n\t\t\t\t\t<!-- Inventaire Button -->\n\t\t\t\t\t\n\t\t\t\t\t<!-- End inventaire button -->\n\n\t\t\t\t<\/div>\n\n\n\n\t\t\t\t<div class=\"ls-single-hebergement__description\">\n\n\t\t\t\t\t<p>Le nostre piazzole possono essere prenotate per un minimo di 7 giorni o pi\u00f9!<\/p>\n<p>Il nostro pacchetto base comprende :<\/p>\n<p>-2 persone<br \/>\n-1 furgone o 1 camper o 1 roulotte<br \/>\n-1 piazzola con una superficie di 80 m\u00b2<br \/>\n-1 allacciamento elettrico europeo 10A<br \/>\n-1 animale domestico accettato gratuitamente<\/p>\n<p>Personalizzate il vostro soggiorno nella fase successiva aggiungendo partecipanti e\/o opzioni in base alle vostre esigenze!<\/p>\n\n\t\t\t\t<\/div>\n\n\n\n\t\t\t\t\n\t\t\t<\/div>\n\n\t\t\t<div class=\"wp-block-column\" style=\"flex-basis:33.333%\">\n\n\t\t\t\t<div class=\"ls-single-hebergement__sidebar\">\n\n\t\t\t\t\t<h3>Il tuo soggiorno<\/h3>\n\n\t\t\t\t\t<form class=\"form-resa form-resa--single\">\n\t\t\t\t\t\t<div class=\"form-resa__dates\">\n\t\t\t\t\t\t\t<div class=\"form-resa__date\">\n\t\t\t\t\t\t\t\t<i class=\"icon-calendar\"><\/i>\n\t\t\t\t\t\t\t\t\t\t\t\t\t\t\t\t<input autocomplete=\"off\" id=\"form-resa-single__start\" value=\"\" class=\"datepicker datepicker--start\" type=\"text\" placeholder=\"Arrivo\">\n\t\t\t\t\t\t\t<\/div>\n\t\t\t\t\t\t\t<div class=\"form-resa__date\">\n\t\t\t\t\t\t\t\t\t\t\t\t\t\t\t\t<input autocomplete=\"off\" id=\"form-resa-single__end\" value=\"\" class=\"datepicker datepicker--end\" type=\"text\" placeholder=\"Partenza\">\n\t\t\t\t\t\t\t<\/div>\n\t\t\t\t\t\t<\/div>\n\t\t\t\t\t<\/form>\n\n\t\t\t\t\t<div class=\"disponibilite-wrap ls-dispo\">\n\t\t\t\t\t\tScoprire\t\t\t\t\t<\/div>\n\n\t\t\t\t<\/div>\n\n\t\t\t<\/div>\n\n\t\t<\/div>\n\n\t<\/div>\n\n<\/div><\/div><div class=\"ls-hebergement\" data-postid='31591' data-id-reservation='15' data-id-site='7657' data-id1='80177' data-nombre_de_personnes='6' data-nombre_de_chambres='0' data-last-update='2025-10-28 08:54:00' data-type='camping-fr' data-options-hebergements='electricite'>\n\t<div class=\"ls-hebergement__thumb\">\n\n\t\t\t\t<img decoding=\"async\" src=\"https:\/\/www.camping-bellavista.com\/wp-content\/uploads\/2024\/02\/pict_15_1.jpg\" alt=\"Piazzola per tende prenotabile\" \/>\n\n\t<\/div>\n\n\n\n\t<div class=\"ls-hebergement__title\">\n\n\t\tPiazzola per tende prenotabile\t\t\n\n\t<\/div>\n\n\n\n\t<div class=\"ls-hebergement__details\">\n\n\n\n\t\t<div class=\"ls-hebergement__icons\">\n\n\n\n\t\t\t\n\t\t\t\t<span class=\"ls-hebergement__icon\">\n\n\t\t\t\t\t<i class=\"fas fa-users\"><\/i>\n\n\t\t\t\t\t6\n\t\t\t\t<\/span>\n\n\t\t\t\n\n\n\t\t\t\n\n\n\t\t\t\n\t\t\t\t<span class=\"ls-hebergement__icon\">\n\n\t\t\t\t\t<i class=\"fas fa-vector-square\"><\/i>\n\n\t\t\t\t\t80m\u00b2\n\n\t\t\t\t<\/span>\n\n\t\t\t\n\t\t<\/div>\n\n\t<\/div>\n\n\n\n\n\n\n\n\t<div class=\"ls-hebergement__disponibilites\">\n\t\tScoprire\t<\/div>\n\t<div class=\"ls-single-hebergement\" data-postid='31591' data-id-reservation='15' data-id-site='7657' data-id1='80177' data-nombre_de_personnes='6' data-nombre_de_chambres='0' data-last-update='2025-10-28 08:54:00' data-type='camping-fr' data-options-hebergements='electricite'>\n\n\t<div class=\"container\">\n\n\n\n\t\t\n\t\t\t<div class=\"ls-single-hebergement__close\">\n\n\t\t\t\t<i class=\"fas fa-times\"><\/i> Chiudere\n\t\t\t<\/div>\n\n\t\t\n\n\n\t\t<div class=\"ls-single-hebergement__thumbnail\">\n\n\t\t\t<img decoding=\"async\" width=\"800\" height=\"1067\" src=\"https:\/\/www.camping-bellavista.com\/wp-content\/uploads\/2024\/02\/pict_15_1.jpg\" class=\"attachment-full size-full wp-post-image\" alt=\"\" srcset=\"https:\/\/www.camping-bellavista.com\/wp-content\/uploads\/2024\/02\/pict_15_1.jpg 800w, https:\/\/www.camping-bellavista.com\/wp-content\/uploads\/2024\/02\/pict_15_1-225x300.jpg 225w, https:\/\/www.camping-bellavista.com\/wp-content\/uploads\/2024\/02\/pict_15_1-768x1024.jpg 768w\" sizes=\"(max-width: 800px) 100vw, 800px\" \/>\t\t\t<div class=\"ls-single-hebergement__icons\">\n\n\n\n\t\t\t\t\n\n\n\t\t\t\t\n\n\n\t\t\t\t\n\n\n\t\t\t\t\n\n\n\t\t\t\t\n\n\n\t\t\t\t<!-- Options icons -->\n\n\t\t\t\t\n\t\t\t\t\t\n\t\t\t\t\n\n\n\t\t\t<\/div> <!-- End icons -->\n\t\t<\/div>\n\t\t<div class=\"wp-block-columns\">\n\n\t\t\t<div class=\"wp-block-column\" style=\"flex-basis:66.66%\">\n\n\n\n\t\t\t\t\n\n\n\t\t\t\t<h1>Piazzola per tende prenotabile<\/h1>\n\n\t\t\t\t<div class=\"ls-single-hebergement__buttons\">\n\n\n\t\t\t\t\t<!-- Inventaire Button -->\n\t\t\t\t\t\n\t\t\t\t\t<!-- End inventaire button -->\n\n\t\t\t\t<\/div>\n\n\n\n\t\t\t\t<div class=\"ls-single-hebergement__description\">\n\n\t\t\t\t\t<p>Nos emplacements sont r\u00e9servables pour un minimum de 7 jours ou + !<\/p>\n<p>Notre forfait de base comprend :<\/p>\n<p>-2 personnes<br \/>\n&#8211; 1 tente<br \/>\n-1 v\u00e9hicule (1 voiture )<br \/>\n-1 emplacement d&#8217;une superficie de 80m\u00b2<br \/>\n-1 branchement \u00e9lectrique 10A europ\u00e9en<br \/>\n-1 animal accept\u00e9 gratuitement<\/p>\n<p>Personnalisez votre s\u00e9jour \u00e0 l&#8217;\u00e9tape suivante en ajoutant des participants et\/ou des options selon vos besoins !<\/p>\n\n\t\t\t\t<\/div>\n\n\n\n\t\t\t\t\n\t\t\t<\/div>\n\n\t\t\t<div class=\"wp-block-column\" style=\"flex-basis:33.333%\">\n\n\t\t\t\t<div class=\"ls-single-hebergement__sidebar\">\n\n\t\t\t\t\t<h3>Il tuo soggiorno<\/h3>\n\n\t\t\t\t\t<form class=\"form-resa form-resa--single\">\n\t\t\t\t\t\t<div class=\"form-resa__dates\">\n\t\t\t\t\t\t\t<div class=\"form-resa__date\">\n\t\t\t\t\t\t\t\t<i class=\"icon-calendar\"><\/i>\n\t\t\t\t\t\t\t\t\t\t\t\t\t\t\t\t<input autocomplete=\"off\" id=\"form-resa-single__start\" value=\"\" class=\"datepicker datepicker--start\" type=\"text\" placeholder=\"Arrivo\">\n\t\t\t\t\t\t\t<\/div>\n\t\t\t\t\t\t\t<div class=\"form-resa__date\">\n\t\t\t\t\t\t\t\t\t\t\t\t\t\t\t\t<input autocomplete=\"off\" id=\"form-resa-single__end\" value=\"\" class=\"datepicker datepicker--end\" type=\"text\" placeholder=\"Partenza\">\n\t\t\t\t\t\t\t<\/div>\n\t\t\t\t\t\t<\/div>\n\t\t\t\t\t<\/form>\n\n\t\t\t\t\t<div class=\"disponibilite-wrap ls-dispo\">\n\t\t\t\t\t\tScoprire\t\t\t\t\t<\/div>\n\n\t\t\t\t<\/div>\n\n\t\t\t<\/div>\n\n\t\t<\/div>\n\n\t<\/div>\n\n<\/div><\/div><\/div><\/div>\n\r\n    <\/div>\r\n<\/section>\n\n<section id=\"ls-section-block_747517fef77e53354361a5fd029e6173\" class=\"ls-section \" >\r\n        <div class=\"container container--wide\">\r\n        \n\n<div class=\"wp-block-columns are-vertically-aligned-center is-layout-flex wp-container-core-columns-is-layout-1 wp-block-columns-is-layout-flex\">\n<div class=\"wp-block-column is-vertically-aligned-center fancybox is-layout-flow wp-block-column-is-layout-flow\">\n<figure class=\"wp-block-image size-large\"><a href=\"https:\/\/www.camping-bellavista.com\/wp-content\/uploads\/2021\/12\/camping-location-emplacement-caravaning-corse.jpg\"><img decoding=\"async\" width=\"1200\" height=\"800\" src=\"https:\/\/www.camping-bellavista.com\/wp-content\/uploads\/2021\/12\/camping-location-emplacement-caravaning-corse.jpg\" alt=\"camping location emplacement caravaning corse\" class=\"wp-image-1820\" srcset=\"https:\/\/www.camping-bellavista.com\/wp-content\/uploads\/2021\/12\/camping-location-emplacement-caravaning-corse.jpg 1200w, https:\/\/www.camping-bellavista.com\/wp-content\/uploads\/2021\/12\/camping-location-emplacement-caravaning-corse-300x200.jpg 300w, https:\/\/www.camping-bellavista.com\/wp-content\/uploads\/2021\/12\/camping-location-emplacement-caravaning-corse-1024x683.jpg 1024w, https:\/\/www.camping-bellavista.com\/wp-content\/uploads\/2021\/12\/camping-location-emplacement-caravaning-corse-768x512.jpg 768w\" sizes=\"(max-width: 1200px) 100vw, 1200px\" \/><\/a><\/figure>\n<\/div>\n\n\n\n<div class=\"wp-block-column is-vertically-aligned-center is-layout-flow wp-block-column-is-layout-flow\">\n<h2 class=\"ls__heading wp-block-heading has-color-2-color has-text-color\">Le nostre piazzole in affitto a Calvi<\/h2>\n\n\n\n<p class=\"ls-paragraph\">Il campeggio Bella Vista a Calvi \u00e8 ideale per una vacanza da sogno nella regione della Balagne in Corsica! Situato a 700 m dalla spiaggia e a 1 km dal centro di Calvi, questo campeggio propone un alloggio che comprende 123 piazzole nude per piantare la vostra tenda o installare la vostra roulotte o camper, nonch\u00e9 case mobili in affitto a Calvi.<\/p>\n\n\n\n<p class=\"ls-paragraph\">Su un terreno pianeggiante di 6 ettari piantato con alberi e fiori, l&#8217;ambiente \u00e8 calmo e favorevole al relax.<\/p>\n\n\n\n<p class=\"ls-paragraph\">Le piazzole sono dotate di una connessione elettrica di 10 ampere. Tre impianti sanitari, uno dei quali \u00e8 accessibile alle persone disabili, forniscono docce calde, lavabi, servizi igienici e una nursery.<\/p>\n<\/div>\n<\/div>\n\n\r\n    <\/div>\r\n<\/section>\n\n<section id=\"ls-section-block_0b9202b1b0317533c770ba5af04146e3\" class=\"ls-section  has-background-image has-parallax has-background has-color-black-background-color has-p-t p-t-16 has-p-b p-b-16\" >\r\n    <div class=\"ls-section__background-image opacity-60\"><img decoding=\"async\" src=\"https:\/\/www.camping-bellavista.com\/wp-content\/uploads\/2023\/08\/camping-location-emplacement-tente-balagne-1.jpg\" alt=\"\"><\/div>    <div class=\"container container--wide\">\r\n        \n\n<h2 class=\"ls__heading wp-block-heading has-text-align-center m-t-0 m-b-0 has-color-white-color has-text-color\">Piazzole per camper in Balagne<\/h2>\n\n\n\n<p class=\"ls-paragraph has-text-align-center has-color-white-color has-text-color\">Il Camping Bella Vista a Calvi accoglie i proprietari di camper su piazzole appositamente progettate e attrezzate.<\/p>\n\n\n\n<p class=\"ls-paragraph has-text-align-center\"><span style=\"color:#fff\" class=\"tadv-color\">Un terminale Euro-relay permette lo svuotamento delle acque reflue e fornisce acqua potabile ed elettricit\u00e0. I parcheggi sono boscosi e piacevoli per una sosta sulla costa corsa.<\/span><\/p>\n\n\n\n<h2 class=\"ls__heading wp-block-heading has-text-align-center\"><span style=\"color:#fff\" class=\"tadv-color\">Piazzola per cani a Calvi<\/span><\/h2>\n\n\n\n<p class=\"ls-paragraph has-text-align-center m-t-0 m-b-0 has-color-white-color has-text-color\">Il vostro cane o i vostri animali domestici sono accettati su tutte le strutture e piazzole del campeggio Bella Vista a Calvi. Siete liberi di portare a spasso il vostro piccolo compagno nei vicoli del campeggio se lo desiderate. Il vostro animale domestico \u00e8 accettato su tutte le piazzole di affitto.<\/p>\n\n\r\n    <\/div>\r\n<\/section>\n\n<section id=\"ls-section-block_c6d7beb01f8babd9e6880f4b559f87e7\" class=\"ls-section  has-p-b p-b-6\" >\r\n        <div class=\"container container--wide\">\r\n        \n\n<div class=\"wp-block-columns are-vertically-aligned-center is-layout-flex wp-container-core-columns-is-layout-3 wp-block-columns-is-layout-flex\">\n<div class=\"wp-block-column is-vertically-aligned-center is-layout-flow wp-block-column-is-layout-flow\">\n<h2 class=\"ls__heading wp-block-heading\"><span style=\"color:#a6338b\" class=\"tadv-color\">Campeggio che accetta la carta ACSI<\/span><\/h2>\n\n\n\n<p class=\"ls-paragraph\">La carta ACSI \u00e8 ben nota ai campeggiatori: permette di beneficiare dei migliori prezzi a Calvi grazie agli sconti in una selezione di campeggi, tra cui il campeggio Bella Vista a Calvi.<\/p>\n\n\n\n<p class=\"ls-paragraph\">Offriamo ai nostri ospiti sconti interessanti su presentazione della tessera ACSI. Basta acquistare la Carta Guida ACSI per 17,95 \u20ac nel 2021, staccare la carta e presentarla quando si prenota l&#8217;alloggio.<\/p>\n\n\n\n<h2 class=\"ls__heading wp-block-heading\"><span style=\"color:#a6338b\" class=\"tadv-color\">Campeggio che accetta la carta ANWB<\/span><\/h2>\n\n\n\n<p class=\"ls-paragraph\">I membri del club ANWB sono anche benvenuti al Camping Bella Vista a Calvi, in Corsica. Il club ANWB \u00e8 un&#8217;iniziativa olandese a cui sono invitati i vacanzieri dei Paesi Bassi. Possono beneficiare di vantaggi e tariffe preferenziali mostrando la loro carta ANWB.<\/p>\n<\/div>\n\n\n\n<div class=\"wp-block-column is-vertically-aligned-center fancybox is-layout-flow wp-block-column-is-layout-flow\">\n<div class=\"wp-block-columns is-layout-flex wp-container-core-columns-is-layout-2 wp-block-columns-is-layout-flex\">\n<div class=\"wp-block-column is-layout-flow wp-block-column-is-layout-flow\">\n<figure class=\"wp-block-image size-large\"><a href=\"https:\/\/www.camping-bellavista.com\/wp-content\/uploads\/2021\/12\/camping-location-emplacement-corse.jpg\"><img decoding=\"async\" width=\"1200\" height=\"800\" src=\"https:\/\/www.camping-bellavista.com\/wp-content\/uploads\/2021\/12\/camping-location-emplacement-corse.jpg\" alt=\"camping location emplacement corse\" class=\"wp-image-1823\" srcset=\"https:\/\/www.camping-bellavista.com\/wp-content\/uploads\/2021\/12\/camping-location-emplacement-corse.jpg 1200w, https:\/\/www.camping-bellavista.com\/wp-content\/uploads\/2021\/12\/camping-location-emplacement-corse-300x200.jpg 300w, https:\/\/www.camping-bellavista.com\/wp-content\/uploads\/2021\/12\/camping-location-emplacement-corse-1024x683.jpg 1024w, https:\/\/www.camping-bellavista.com\/wp-content\/uploads\/2021\/12\/camping-location-emplacement-corse-768x512.jpg 768w\" sizes=\"(max-width: 1200px) 100vw, 1200px\" \/><\/a><\/figure>\n<\/div>\n\n\n\n<div class=\"wp-block-column is-layout-flow wp-block-column-is-layout-flow\">\n<figure class=\"wp-block-image size-large\"><a href=\"https:\/\/www.camping-bellavista.com\/wp-content\/uploads\/2021\/12\/camping-location-emplacement-calvi.jpg\"><img decoding=\"async\" width=\"1200\" height=\"800\" src=\"https:\/\/www.camping-bellavista.com\/wp-content\/uploads\/2021\/12\/camping-location-emplacement-calvi.jpg\" alt=\"camping location emplacement calvi\" class=\"wp-image-1826\" srcset=\"https:\/\/www.camping-bellavista.com\/wp-content\/uploads\/2021\/12\/camping-location-emplacement-calvi.jpg 1200w, https:\/\/www.camping-bellavista.com\/wp-content\/uploads\/2021\/12\/camping-location-emplacement-calvi-300x200.jpg 300w, https:\/\/www.camping-bellavista.com\/wp-content\/uploads\/2021\/12\/camping-location-emplacement-calvi-1024x683.jpg 1024w, https:\/\/www.camping-bellavista.com\/wp-content\/uploads\/2021\/12\/camping-location-emplacement-calvi-768x512.jpg 768w\" sizes=\"(max-width: 1200px) 100vw, 1200px\" \/><\/a><\/figure>\n<\/div>\n<\/div>\n\n\n\n<figure class=\"wp-block-image size-large\"><a href=\"https:\/\/www.camping-bellavista.com\/wp-content\/uploads\/2021\/12\/camping-location-emplacement-tente-corse.jpg\"><img decoding=\"async\" width=\"1200\" height=\"800\" src=\"https:\/\/www.camping-bellavista.com\/wp-content\/uploads\/2021\/12\/camping-location-emplacement-tente-corse.jpg\" alt=\"camping location emplacement tente corse\" class=\"wp-image-1829\" srcset=\"https:\/\/www.camping-bellavista.com\/wp-content\/uploads\/2021\/12\/camping-location-emplacement-tente-corse.jpg 1200w, https:\/\/www.camping-bellavista.com\/wp-content\/uploads\/2021\/12\/camping-location-emplacement-tente-corse-300x200.jpg 300w, https:\/\/www.camping-bellavista.com\/wp-content\/uploads\/2021\/12\/camping-location-emplacement-tente-corse-1024x683.jpg 1024w, https:\/\/www.camping-bellavista.com\/wp-content\/uploads\/2021\/12\/camping-location-emplacement-tente-corse-768x512.jpg 768w\" sizes=\"(max-width: 1200px) 100vw, 1200px\" \/><\/a><\/figure>\n<\/div>\n<\/div>\n\n\r\n    <\/div>\r\n<\/section>\n\n<section id=\"ls-section-block_968cdc2eafd6f08570431e82e6b5aad1\" class=\"ls-section  has-p-t p-t-1\" >\r\n        <div class=\"container container--wide\">\r\n        \n\n<p class=\"ls-paragraph ls__heading has-text-align-center has-large-font-size\"><span style=\"color:#a6338b\" class=\"tadv-color\">Tariffe per case mobili e campeggi<\/span><\/p>\n\n\n\n<div class=\"wp-block-columns is-layout-flex wp-container-core-columns-is-layout-4 wp-block-columns-is-layout-flex\">\n<div class=\"wp-block-column is-layout-flow wp-block-column-is-layout-flow\">\r\n<div id=\"ls-cta-block_2d39c698f87dd238b22a208b4ee0027a\" class=\"ls-cta\">  \r\n    \r\n\r\n<a href=\"http:\/\/www.camping-bellavista.com\/location-mobil-home-calvi\/\" target=\"\" rel=\"noopener\" class=\"ls-cta__link\">\r\n\r\n\t<div class=\"ls-cta__image\"><img decoding=\"async\" src=\"https:\/\/www.camping-bellavista.com\/wp-content\/uploads\/2021\/12\/camping-location-mobil-home-calvi.jpg\" alt=\"camping location mobil home calvi1\"><\/div>\r\n\t<div class=\"ls-cta__title\">\r\n\t\tAffitto di case mobili\t<\/div>\r\n\r\n\t\t\r\n<\/a><\/div><\/div>\n\n\n\n<div class=\"wp-block-column is-layout-flow wp-block-column-is-layout-flow\">\r\n<div id=\"ls-cta-block_61849891ce96a72afeca9bb2e0091173\" class=\"ls-cta\">  \r\n    \r\n\r\n<a href=\"http:\/\/www.camping-bellavista.com\/camping-pas-cher-calvi\/\" target=\"\" rel=\"noopener\" class=\"ls-cta__link\">\r\n\r\n\t<div class=\"ls-cta__image\"><img decoding=\"async\" src=\"https:\/\/www.camping-bellavista.com\/wp-content\/uploads\/2022\/05\/banner-bella-vista-home-768x432.jpg\" alt=\"banner-bella-vista-home\"><\/div>\r\n\t<div class=\"ls-cta__title\">\r\n\t\tTariffe\t<\/div>\r\n\r\n\t\t\r\n<\/a><\/div><\/div>\n\n\n\n<div class=\"wp-block-column is-layout-flow wp-block-column-is-layout-flow\">\r\n<div id=\"ls-cta-block_ab70caad66df1bb1f812dc2b20c8768f\" class=\"ls-cta\">  \r\n    \r\n\r\n<a href=\"http:\/\/www.camping-bellavista.com\/activites-calvi\/\" target=\"\" rel=\"noopener\" class=\"ls-cta__link\">\r\n\r\n\t<div class=\"ls-cta__image\"><img decoding=\"async\" src=\"https:\/\/www.camping-bellavista.com\/wp-content\/uploads\/2021\/12\/camping-paddle-calvi-768x512.jpg\" alt=\"camping paddle calvi\"><\/div>\r\n\t<div class=\"ls-cta__title\">\r\n\t\tAttivit\u00e0 a Calvi\t<\/div>\r\n\r\n\t\t\r\n<\/a><\/div><\/div>\n<\/div>\n\n\r\n    <\/div>\r\n<\/section>","protected":false},"excerpt":{"rendered":"","protected":false},"author":1,"featured_media":1588,"parent":0,"menu_order":0,"comment_status":"closed","ping_status":"closed","template":"","meta":{"_acf_changed":false,"footnotes":""},"sujet":[],"class_list":["post-1587","page","type-page","status-publish","has-post-thumbnail","hentry"],"acf":[],"yoast_head":"<!-- This site is optimized with the Yoast SEO plugin v25.3 - https:\/\/yoast.com\/wordpress\/plugins\/seo\/ -->\n<title>Affittare una piazzola Calvi | Piazzola di lusso in Balagne<\/title>\n<meta name=\"robots\" content=\"index, follow, max-snippet:-1, max-image-preview:large, max-video-preview:-1\" \/>\n<link rel=\"canonical\" href=\"https:\/\/www.camping-bellavista.com\/it\/posizione-calvi\/\" \/>\n<meta property=\"og:locale\" content=\"it_IT\" \/>\n<meta property=\"og:type\" content=\"article\" \/>\n<meta property=\"og:title\" content=\"Affittare una piazzola Calvi | Piazzola di lusso in Balagne\" \/>\n<meta property=\"og:url\" content=\"https:\/\/www.camping-bellavista.com\/it\/posizione-calvi\/\" \/>\n<meta property=\"og:site_name\" content=\"Camping Bella Vista\" \/>\n<meta property=\"article:modified_time\" content=\"2023-08-17T13:58:16+00:00\" \/>\n<meta property=\"og:image\" content=\"https:\/\/www.camping-bellavista.com\/wp-content\/uploads\/2021\/12\/camping-location-emplacement-caravaning-calvi.jpg\" \/>\n\t<meta property=\"og:image:width\" content=\"1900\" \/>\n\t<meta property=\"og:image:height\" content=\"700\" \/>\n\t<meta property=\"og:image:type\" content=\"image\/jpeg\" \/>\n<meta name=\"twitter:card\" content=\"summary_large_image\" \/>\n<meta name=\"twitter:label1\" content=\"Tempo di lettura stimato\" \/>\n\t<meta name=\"twitter:data1\" content=\"3 minuti\" \/>\n<script type=\"application\/ld+json\" class=\"yoast-schema-graph\">{\"@context\":\"https:\/\/schema.org\",\"@graph\":[{\"@type\":\"WebPage\",\"@id\":\"https:\/\/www.camping-bellavista.com\/it\/posizione-calvi\/\",\"url\":\"https:\/\/www.camping-bellavista.com\/it\/posizione-calvi\/\",\"name\":\"Affittare una piazzola Calvi | Piazzola di lusso in Balagne\",\"isPartOf\":{\"@id\":\"https:\/\/www.camping-bellavista.com\/it\/#website\"},\"primaryImageOfPage\":{\"@id\":\"https:\/\/www.camping-bellavista.com\/it\/posizione-calvi\/#primaryimage\"},\"image\":{\"@id\":\"https:\/\/www.camping-bellavista.com\/it\/posizione-calvi\/#primaryimage\"},\"thumbnailUrl\":\"https:\/\/www.camping-bellavista.com\/wp-content\/uploads\/2021\/12\/camping-location-emplacement-caravaning-calvi.jpg\",\"datePublished\":\"2021-10-15T09:30:25+00:00\",\"dateModified\":\"2023-08-17T13:58:16+00:00\",\"breadcrumb\":{\"@id\":\"https:\/\/www.camping-bellavista.com\/it\/posizione-calvi\/#breadcrumb\"},\"inLanguage\":\"it-IT\",\"potentialAction\":[{\"@type\":\"ReadAction\",\"target\":[\"https:\/\/www.camping-bellavista.com\/it\/posizione-calvi\/\"]}]},{\"@type\":\"ImageObject\",\"inLanguage\":\"it-IT\",\"@id\":\"https:\/\/www.camping-bellavista.com\/it\/posizione-calvi\/#primaryimage\",\"url\":\"https:\/\/www.camping-bellavista.com\/wp-content\/uploads\/2021\/12\/camping-location-emplacement-caravaning-calvi.jpg\",\"contentUrl\":\"https:\/\/www.camping-bellavista.com\/wp-content\/uploads\/2021\/12\/camping-location-emplacement-caravaning-calvi.jpg\",\"width\":1900,\"height\":700,\"caption\":\"camping location emplacement caravaning calvi\"},{\"@type\":\"BreadcrumbList\",\"@id\":\"https:\/\/www.camping-bellavista.com\/it\/posizione-calvi\/#breadcrumb\",\"itemListElement\":[{\"@type\":\"ListItem\",\"position\":1,\"name\":\"Campeggio Corse\",\"item\":\"https:\/\/www.camping-bellavista.com\/it\/\"},{\"@type\":\"ListItem\",\"position\":2,\"name\":\"Le nostre piazzole in affitto a Calvi\"}]},{\"@type\":\"WebSite\",\"@id\":\"https:\/\/www.camping-bellavista.com\/it\/#website\",\"url\":\"https:\/\/www.camping-bellavista.com\/it\/\",\"name\":\"Camping Bella Vista\",\"description\":\"\",\"publisher\":{\"@id\":\"https:\/\/www.camping-bellavista.com\/it\/#organization\"},\"potentialAction\":[{\"@type\":\"SearchAction\",\"target\":{\"@type\":\"EntryPoint\",\"urlTemplate\":\"https:\/\/www.camping-bellavista.com\/it\/?s={search_term_string}\"},\"query-input\":{\"@type\":\"PropertyValueSpecification\",\"valueRequired\":true,\"valueName\":\"search_term_string\"}}],\"inLanguage\":\"it-IT\"},{\"@type\":\"Organization\",\"@id\":\"https:\/\/www.camping-bellavista.com\/it\/#organization\",\"name\":\"Camping Bellavista\",\"url\":\"https:\/\/www.camping-bellavista.com\/it\/\",\"logo\":{\"@type\":\"ImageObject\",\"inLanguage\":\"it-IT\",\"@id\":\"https:\/\/www.camping-bellavista.com\/it\/#\/schema\/logo\/image\/\",\"url\":\"https:\/\/www.camping-bellavista.com\/wp-content\/uploads\/2021\/12\/logo-bella-vista.png\",\"contentUrl\":\"https:\/\/www.camping-bellavista.com\/wp-content\/uploads\/2021\/12\/logo-bella-vista.png\",\"width\":512,\"height\":512,\"caption\":\"Camping Bellavista\"},\"image\":{\"@id\":\"https:\/\/www.camping-bellavista.com\/it\/#\/schema\/logo\/image\/\"}}]}<\/script>\n<!-- \/ Yoast SEO plugin. -->","yoast_head_json":{"title":"Affittare una piazzola Calvi | Piazzola di lusso in Balagne","robots":{"index":"index","follow":"follow","max-snippet":"max-snippet:-1","max-image-preview":"max-image-preview:large","max-video-preview":"max-video-preview:-1"},"canonical":"https:\/\/www.camping-bellavista.com\/it\/posizione-calvi\/","og_locale":"it_IT","og_type":"article","og_title":"Affittare una piazzola Calvi | Piazzola di lusso in Balagne","og_url":"https:\/\/www.camping-bellavista.com\/it\/posizione-calvi\/","og_site_name":"Camping Bella Vista","article_modified_time":"2023-08-17T13:58:16+00:00","og_image":[{"width":1900,"height":700,"url":"https:\/\/www.camping-bellavista.com\/wp-content\/uploads\/2021\/12\/camping-location-emplacement-caravaning-calvi.jpg","type":"image\/jpeg"}],"twitter_card":"summary_large_image","twitter_misc":{"Tempo di lettura stimato":"3 minuti"},"schema":{"@context":"https:\/\/schema.org","@graph":[{"@type":"WebPage","@id":"https:\/\/www.camping-bellavista.com\/it\/posizione-calvi\/","url":"https:\/\/www.camping-bellavista.com\/it\/posizione-calvi\/","name":"Affittare una piazzola Calvi | Piazzola di lusso in Balagne","isPartOf":{"@id":"https:\/\/www.camping-bellavista.com\/it\/#website"},"primaryImageOfPage":{"@id":"https:\/\/www.camping-bellavista.com\/it\/posizione-calvi\/#primaryimage"},"image":{"@id":"https:\/\/www.camping-bellavista.com\/it\/posizione-calvi\/#primaryimage"},"thumbnailUrl":"https:\/\/www.camping-bellavista.com\/wp-content\/uploads\/2021\/12\/camping-location-emplacement-caravaning-calvi.jpg","datePublished":"2021-10-15T09:30:25+00:00","dateModified":"2023-08-17T13:58:16+00:00","breadcrumb":{"@id":"https:\/\/www.camping-bellavista.com\/it\/posizione-calvi\/#breadcrumb"},"inLanguage":"it-IT","potentialAction":[{"@type":"ReadAction","target":["https:\/\/www.camping-bellavista.com\/it\/posizione-calvi\/"]}]},{"@type":"ImageObject","inLanguage":"it-IT","@id":"https:\/\/www.camping-bellavista.com\/it\/posizione-calvi\/#primaryimage","url":"https:\/\/www.camping-bellavista.com\/wp-content\/uploads\/2021\/12\/camping-location-emplacement-caravaning-calvi.jpg","contentUrl":"https:\/\/www.camping-bellavista.com\/wp-content\/uploads\/2021\/12\/camping-location-emplacement-caravaning-calvi.jpg","width":1900,"height":700,"caption":"camping location emplacement caravaning calvi"},{"@type":"BreadcrumbList","@id":"https:\/\/www.camping-bellavista.com\/it\/posizione-calvi\/#breadcrumb","itemListElement":[{"@type":"ListItem","position":1,"name":"Campeggio Corse","item":"https:\/\/www.camping-bellavista.com\/it\/"},{"@type":"ListItem","position":2,"name":"Le nostre piazzole in affitto a Calvi"}]},{"@type":"WebSite","@id":"https:\/\/www.camping-bellavista.com\/it\/#website","url":"https:\/\/www.camping-bellavista.com\/it\/","name":"Camping Bella Vista","description":"","publisher":{"@id":"https:\/\/www.camping-bellavista.com\/it\/#organization"},"potentialAction":[{"@type":"SearchAction","target":{"@type":"EntryPoint","urlTemplate":"https:\/\/www.camping-bellavista.com\/it\/?s={search_term_string}"},"query-input":{"@type":"PropertyValueSpecification","valueRequired":true,"valueName":"search_term_string"}}],"inLanguage":"it-IT"},{"@type":"Organization","@id":"https:\/\/www.camping-bellavista.com\/it\/#organization","name":"Camping Bellavista","url":"https:\/\/www.camping-bellavista.com\/it\/","logo":{"@type":"ImageObject","inLanguage":"it-IT","@id":"https:\/\/www.camping-bellavista.com\/it\/#\/schema\/logo\/image\/","url":"https:\/\/www.camping-bellavista.com\/wp-content\/uploads\/2021\/12\/logo-bella-vista.png","contentUrl":"https:\/\/www.camping-bellavista.com\/wp-content\/uploads\/2021\/12\/logo-bella-vista.png","width":512,"height":512,"caption":"Camping Bellavista"},"image":{"@id":"https:\/\/www.camping-bellavista.com\/it\/#\/schema\/logo\/image\/"}}]}},"_links":{"self":[{"href":"https:\/\/www.camping-bellavista.com\/it\/wp-json\/wp\/v2\/pages\/1587"}],"collection":[{"href":"https:\/\/www.camping-bellavista.com\/it\/wp-json\/wp\/v2\/pages"}],"about":[{"href":"https:\/\/www.camping-bellavista.com\/it\/wp-json\/wp\/v2\/types\/page"}],"author":[{"embeddable":true,"href":"https:\/\/www.camping-bellavista.com\/it\/wp-json\/wp\/v2\/users\/1"}],"replies":[{"embeddable":true,"href":"https:\/\/www.camping-bellavista.com\/it\/wp-json\/wp\/v2\/comments?post=1587"}],"version-history":[{"count":9,"href":"https:\/\/www.camping-bellavista.com\/it\/wp-json\/wp\/v2\/pages\/1587\/revisions"}],"predecessor-version":[{"id":7065,"href":"https:\/\/www.camping-bellavista.com\/it\/wp-json\/wp\/v2\/pages\/1587\/revisions\/7065"}],"wp:featuredmedia":[{"embeddable":true,"href":"https:\/\/www.camping-bellavista.com\/it\/wp-json\/wp\/v2\/media\/1588"}],"wp:attachment":[{"href":"https:\/\/www.camping-bellavista.com\/it\/wp-json\/wp\/v2\/media?parent=1587"}],"wp:term":[{"taxonomy":"sujet","embeddable":true,"href":"https:\/\/www.camping-bellavista.com\/it\/wp-json\/wp\/v2\/sujet?post=1587"}],"curies":[{"name":"wp","href":"https:\/\/api.w.org\/{rel}","templated":true}]}}